{"id":772,"date":"2016-04-14T13:54:28","date_gmt":"2016-04-14T13:54:28","guid":{"rendered":"http:\/\/wegetcreative.co.uk\/crf\/?page_id=772&#038;lang=fr"},"modified":"2016-04-14T13:54:28","modified_gmt":"2016-04-14T13:54:28","slug":"granada","status":"publish","type":"page","link":"https:\/\/www.cortijosreyfini.com\/fr\/things-to-do\/granada\/","title":{"rendered":"Granada"},"content":{"rendered":"<div class=\"par_con\">\n<figure id=\"attachment_284\" aria-describedby=\"caption-attachment-284\" style=\"width: 840px\" class=\"wp-caption aligncenter\"><img loading=\"lazy\" class=\"size-post-thumbnail wp-image-284\" src=\"http:\/\/www.cortijosreyfini.com\/wp-content\/uploads\/2016\/04\/12-Santa-Ana-the-old-part-of-Granada.jpg\" alt=\"Santa Ana the old part of Granada\" width=\"840\" height=\"558\" srcset=\"https:\/\/www.cortijosreyfini.com\/wp-content\/uploads\/2016\/04\/12-Santa-Ana-the-old-part-of-Granada.jpg 1053w, https:\/\/www.cortijosreyfini.com\/wp-content\/uploads\/2016\/04\/12-Santa-Ana-the-old-part-of-Granada-300x199.jpg 300w, https:\/\/www.cortijosreyfini.com\/wp-content\/uploads\/2016\/04\/12-Santa-Ana-the-old-part-of-Granada-768x511.jpg 768w, https:\/\/www.cortijosreyfini.com\/wp-content\/uploads\/2016\/04\/12-Santa-Ana-the-old-part-of-Granada-1024x681.jpg 1024w\" sizes=\"( max-width: 768px ) 100vw, ( min-width: 768px ) and ( max-width: 992px ) 50vw, 840px\" \/><figcaption id=\"caption-attachment-284\" class=\"wp-caption-text\">Santa Ana the old part of Granada<\/figcaption><\/figure>\n<p>Les Cortijos Rey Fini \u00e9taient \u00e0 seulement 25 km de la Sierra Nevada et de Grenade, mais ce court itin\u00e9raire a \u00e9t\u00e9 ferm\u00e9 r\u00e9cemment, et pour se rendre \u00e0 Grenade maintenant il vous faut \u00a0d&rsquo;abord aller \u00e0 Lanjaron, puis rejoindre l\u2019autoroute N-23. Il faut un peu plus d&rsquo;une heure pour l&rsquo;Alhambra et une heure et demie pour la ville de Grenade.<\/p>\n<figure id=\"attachment_288\" aria-describedby=\"caption-attachment-288\" style=\"width: 840px\" class=\"wp-caption aligncenter\"><img loading=\"lazy\" class=\"size-post-thumbnail wp-image-288\" src=\"http:\/\/www.cortijosreyfini.com\/wp-content\/uploads\/2016\/04\/16-Tiny-road-near-Albayc-in-Granada-spain.jpg\" alt=\"Tiny road near Albayc in Granada spain\" width=\"840\" height=\"563\" srcset=\"https:\/\/www.cortijosreyfini.com\/wp-content\/uploads\/2016\/04\/16-Tiny-road-near-Albayc-in-Granada-spain.jpg 1014w, https:\/\/www.cortijosreyfini.com\/wp-content\/uploads\/2016\/04\/16-Tiny-road-near-Albayc-in-Granada-spain-300x201.jpg 300w, https:\/\/www.cortijosreyfini.com\/wp-content\/uploads\/2016\/04\/16-Tiny-road-near-Albayc-in-Granada-spain-768x515.jpg 768w, https:\/\/www.cortijosreyfini.com\/wp-content\/uploads\/2016\/04\/16-Tiny-road-near-Albayc-in-Granada-spain-437x293.jpg 437w\" sizes=\"( max-width: 768px ) 100vw, ( min-width: 768px ) and ( max-width: 992px ) 50vw, 840px\" \/><figcaption id=\"caption-attachment-288\" class=\"wp-caption-text\">Tiny road near Albayc in Granada spain<\/figcaption><\/figure>\n<p>Grenade est une tr\u00e8s belle ville qui vaut bien une visite et m\u00eame en dehors de l&rsquo;Alhambra et de la partie ancienne appel\u00e9\u00a0<em>l&rsquo;Albaycin<\/em>\u00a0et\u00a0<em>Santa Ana<\/em>.\u00a0La meilleure fa\u00e7on est de simplement flaner dans la ville pour y d\u00e9couvrir d\u2019agr\u00e9ables quartiers.<\/p>\n<p><img loading=\"lazy\" class=\"aligncenter size-post-thumbnail wp-image-281\" src=\"http:\/\/www.cortijosreyfini.com\/wp-content\/uploads\/2016\/04\/9-One-of-the-many-alleyways-in-Santa-Ana-Granada-Spain.jpg\" alt=\"9- One of the many alleyways in Santa Ana, Granada, Spain\" width=\"840\" height=\"563\" srcset=\"https:\/\/www.cortijosreyfini.com\/wp-content\/uploads\/2016\/04\/9-One-of-the-many-alleyways-in-Santa-Ana-Granada-Spain.jpg 1014w, https:\/\/www.cortijosreyfini.com\/wp-content\/uploads\/2016\/04\/9-One-of-the-many-alleyways-in-Santa-Ana-Granada-Spain-300x201.jpg 300w, https:\/\/www.cortijosreyfini.com\/wp-content\/uploads\/2016\/04\/9-One-of-the-many-alleyways-in-Santa-Ana-Granada-Spain-768x515.jpg 768w, https:\/\/www.cortijosreyfini.com\/wp-content\/uploads\/2016\/04\/9-One-of-the-many-alleyways-in-Santa-Ana-Granada-Spain-437x293.jpg 437w\" sizes=\"( max-width: 768px ) 100vw, ( min-width: 768px ) and ( max-width: 992px ) 50vw, 840px\" \/><\/p>\n<p>Si vous n\u2019y \u00eates que pour la journ\u00e9e, apr\u00e8s la visiste de l&rsquo;Alhambra laissez-vous le temps de voir le vieux quartier de la ville.\u00a0Vous pouvez visiter l&rsquo;Alhambra t\u00f4t le matin &#8211; en fonction de ce que vous voulez voir vous devriez vous accorder au moins 3 heures.\u00a0Ensuite, vous pouvez laisser votre voiture sur le parking de l&rsquo;Alhambra et prendre le minibus jusqu\u2019\u00e0 la partie historique de la ville, ou y aller \u00e0 pied.\u00a0Il faut environ 15 minutes de descente \u00e0 travers de beaux jardins ombrag\u00e9s avec des fontaines d&rsquo;eau.<\/p>\n<figure id=\"attachment_287\" aria-describedby=\"caption-attachment-287\" style=\"width: 840px\" class=\"wp-caption aligncenter\"><img loading=\"lazy\" class=\"size-post-thumbnail wp-image-287\" src=\"http:\/\/www.cortijosreyfini.com\/wp-content\/uploads\/2016\/04\/15-The-walls-of-Alhambra-Granada.jpg\" alt=\"The walls of Alhambra Granada\" width=\"840\" height=\"563\" srcset=\"https:\/\/www.cortijosreyfini.com\/wp-content\/uploads\/2016\/04\/15-The-walls-of-Alhambra-Granada.jpg 1014w, https:\/\/www.cortijosreyfini.com\/wp-content\/uploads\/2016\/04\/15-The-walls-of-Alhambra-Granada-300x201.jpg 300w, https:\/\/www.cortijosreyfini.com\/wp-content\/uploads\/2016\/04\/15-The-walls-of-Alhambra-Granada-768x515.jpg 768w, https:\/\/www.cortijosreyfini.com\/wp-content\/uploads\/2016\/04\/15-The-walls-of-Alhambra-Granada-437x293.jpg 437w\" sizes=\"( max-width: 768px ) 100vw, ( min-width: 768px ) and ( max-width: 992px ) 50vw, 840px\" \/><figcaption id=\"caption-attachment-287\" class=\"wp-caption-text\">The walls of Alhambra Granada<\/figcaption><\/figure>\n<div class=\"par_con\">\n<p>Vous pouvez aller directement jusqu&rsquo;\u00e0 la\u00a0<em>Plaza Nueva<\/em>\u00a0et derri\u00e8re celle-ci se trouve le quartier historique<em>Albaycin<\/em>\u00a0avec ses boutiques et restaurants<em>.<\/em>\u00a0Ne manquez pas les nombreux bons bars \u00e0 tapas au bas d&rsquo;une des rues \u00e9troites de Grenade, <em>la Calle Almireceros<\/em>.\u00a0Le meilleur est la <em>Bodegas Castaneda<\/em>\u00a0offrant une vari\u00e9t\u00e9 de tapas, vins et bi\u00e8res.\u00a0Comme partout en Andalousie, demandez juste une bi\u00e8re ou un verre de vin et on vous offre des tapas.<\/p>\n<\/div>\n<div class=\"par_con\">\n<p>Une autre fa\u00e7on de descendre en ville : quand vous sortez de l&rsquo;Alhambra \u00e0 peu pr\u00e8s 20 m\u00e8tres apr\u00e8s la porte de sortie du jardin, marchez en prenant la premi\u00e8re \u00e0 droite (un \u00a0restaurant fait le coin).\u00a0Ce chemin vous m\u00e8nera \u00e0 l&rsquo;arri\u00e8re de l&rsquo;Alhambra et, plus loin, il vous trouverez <em>Paseo Los Tristes<\/em>\u00a0o\u00f9 vous trouverez des dizaines de restaurants bons et abordables servant paella et autres sp\u00e9cialit\u00e9s en terasses (Vous pouvez aussi y arriver en marchant le long de la rivi\u00e8re \u00e0 partir de\u00a0<em>la Plaza Nueva).<\/em>\u00a0Apr\u00e8s le d\u00e9jeuner, vous pouvez marcher jusqu&rsquo;\u00e0\u00a0<em>Cuesta del Chapiz<\/em>\u00a0et prendre la deuxi\u00e8me ou la troisi\u00e8me route \u00e0 droite en direction de\u00a0<em>Plaza San Nicolas<\/em>\u00a0qui vous donne une vue magnifique sur l&rsquo;Alhambra.\u00a0Le long des nombreuses ruelles, vous trouverez de nombreux caf\u00e9s et restaurants avec de beaux jardins et des vues sur l&rsquo;Alhambra.<\/p>\n<\/div>\n<\/div>\n<div class=\"par_con\">\n<p><img loading=\"lazy\" class=\"aligncenter size-post-thumbnail wp-image-294\" src=\"http:\/\/www.cortijosreyfini.com\/wp-content\/uploads\/2016\/04\/22-View-of-Alhambra-from-Santa-Ana-Granada.jpg\" alt=\"22- View of Alhambra from Santa Ana, Granada\" width=\"840\" height=\"563\" srcset=\"https:\/\/www.cortijosreyfini.com\/wp-content\/uploads\/2016\/04\/22-View-of-Alhambra-from-Santa-Ana-Granada.jpg 1014w, https:\/\/www.cortijosreyfini.com\/wp-content\/uploads\/2016\/04\/22-View-of-Alhambra-from-Santa-Ana-Granada-300x201.jpg 300w, https:\/\/www.cortijosreyfini.com\/wp-content\/uploads\/2016\/04\/22-View-of-Alhambra-from-Santa-Ana-Granada-768x515.jpg 768w, https:\/\/www.cortijosreyfini.com\/wp-content\/uploads\/2016\/04\/22-View-of-Alhambra-from-Santa-Ana-Granada-437x293.jpg 437w\" sizes=\"( max-width: 768px ) 100vw, ( min-width: 768px ) and ( max-width: 992px ) 50vw, 840px\" \/><\/p>\n<div class=\"par_con\">\n<p>Un des restaurants les plus c\u00e9l\u00e8bres est le <em>Mirador de Morayma,<\/em>\u00a0et, plus haut, <em>Las Tomas, Carmen Mirador de Aixa<\/em>\u00a0et bien plus encore juste en dessous de\u00a0<em>la Plaza San Nicolas.<\/em>\u00a0Ils ne payent pas tous de mine de l\u2019ext\u00e9rieur mais tous ont une vue magnifique.\u00a0Il suffit d\u2019y entrer, de regarder les menu et les prix pour faire votre choix.<\/p>\n<\/div>\n<div class=\"par_con\">\n<p>Pour plus d&rsquo;informations merci de consulter notre page de liens<\/p>\n<\/div>\n<\/div>\n","protected":false},"excerpt":{"rendered":"<p>Les Cortijos Rey Fini \u00e9taient \u00e0 seulement 25 km de la Sierra Nevada et de Grenade, mais ce court itin\u00e9raire a \u00e9t\u00e9 ferm\u00e9 r\u00e9cemment, et pour se rendre \u00e0 Grenade maintenant il vous faut \u00a0d&rsquo;abord aller \u00e0 Lanjaron, puis rejoindre l\u2019autoroute N-23. Il faut un peu plus d&rsquo;une heure pour l&rsquo;Alhambra et une heure et &hellip; <a href=\"https:\/\/www.cortijosreyfini.com\/fr\/things-to-do\/granada\/\" class=\"more-link\">Continue reading <span class=\"screen-reader-text\">Granada<\/span><\/a><\/p>\n","protected":false},"author":1,"featured_media":0,"parent":616,"menu_order":0,"comment_status":"closed","ping_status":"closed","template":"","meta":{"om_disable_all_campaigns":false,"_monsterinsights_skip_tracking":false,"_monsterinsights_sitenote_active":false,"_monsterinsights_sitenote_note":"","_monsterinsights_sitenote_category":0},"acf":[],"aioseo_notices":[],"_links":{"self":[{"href":"https:\/\/www.cortijosreyfini.com\/fr\/wp-json\/wp\/v2\/pages\/772"}],"collection":[{"href":"https:\/\/www.cortijosreyfini.com\/fr\/wp-json\/wp\/v2\/pages"}],"about":[{"href":"https:\/\/www.cortijosreyfini.com\/fr\/wp-json\/wp\/v2\/types\/page"}],"author":[{"embeddable":true,"href":"https:\/\/www.cortijosreyfini.com\/fr\/wp-json\/wp\/v2\/users\/1"}],"replies":[{"embeddable":true,"href":"https:\/\/www.cortijosreyfini.com\/fr\/wp-json\/wp\/v2\/comments?post=772"}],"version-history":[{"count":1,"href":"https:\/\/www.cortijosreyfini.com\/fr\/wp-json\/wp\/v2\/pages\/772\/revisions"}],"predecessor-version":[{"id":773,"href":"https:\/\/www.cortijosreyfini.com\/fr\/wp-json\/wp\/v2\/pages\/772\/revisions\/773"}],"up":[{"embeddable":true,"href":"https:\/\/www.cortijosreyfini.com\/fr\/wp-json\/wp\/v2\/pages\/616"}],"wp:attachment":[{"href":"https:\/\/www.cortijosreyfini.com\/fr\/wp-json\/wp\/v2\/media?parent=772"}],"curies":[{"name":"wp","href":"https:\/\/api.w.org\/{rel}","templated":true}]}}