{"id":765,"date":"2016-04-14T13:47:36","date_gmt":"2016-04-14T13:47:36","guid":{"rendered":"http:\/\/wegetcreative.co.uk\/crf\/?page_id=765&#038;lang=fr"},"modified":"2022-10-31T10:22:29","modified_gmt":"2022-10-31T10:22:29","slug":"alhambra","status":"publish","type":"page","link":"https:\/\/www.cortijosreyfini.com\/fr\/things-to-do\/alhambra\/","title":{"rendered":"Alhambra"},"content":{"rendered":"<div class=\"par_con\">\n<figure id=\"attachment_55\" aria-describedby=\"caption-attachment-55\" style=\"width: 798px\" class=\"wp-caption aligncenter\"><img loading=\"lazy\" class=\"size-post-thumbnail wp-image-55\" src=\"http:\/\/www.cortijosreyfini.com\/wp-content\/uploads\/2016\/04\/1-View-of-the-Alhambra-with-mountains-beyond.jpg\" alt=\"View of Alhambra\" width=\"798\" height=\"319\" srcset=\"https:\/\/www.cortijosreyfini.com\/wp-content\/uploads\/2016\/04\/1-View-of-the-Alhambra-with-mountains-beyond.jpg 798w, https:\/\/www.cortijosreyfini.com\/wp-content\/uploads\/2016\/04\/1-View-of-the-Alhambra-with-mountains-beyond-300x120.jpg 300w, https:\/\/www.cortijosreyfini.com\/wp-content\/uploads\/2016\/04\/1-View-of-the-Alhambra-with-mountains-beyond-768x307.jpg 768w\" sizes=\"( max-width: 768px ) 100vw, ( min-width: 768px ) and ( max-width: 992px ) 50vw, 798px\" \/><figcaption id=\"caption-attachment-55\" class=\"wp-caption-text\">View of Alhambra<\/figcaption><\/figure>\n<p>La forteresse de\u00a0<strong>l&rsquo;Alhambra<\/strong>\u00a0est situ\u00e9e dans\u00a0<a href=\"https:\/\/translate.google.com\/translate?hl=en&amp;prev=_t&amp;sl=auto&amp;tl=fr&amp;u=http:\/\/en.wikipedia.org\/wiki\/Granada\">Grenade<\/a>\u00a0, en Andalousie. A l&rsquo;origine, en 889, elle n&rsquo;\u00e9tait que tr\u00e8s petite puis fut ignor\u00e9e jusqu&rsquo;au milieu du 11e si\u00e8cle quand le roi Maure\u00a0<a href=\"https:\/\/translate.google.com\/translate?hl=en&amp;prev=_t&amp;sl=auto&amp;tl=fr&amp;u=http:\/\/en.wikipedia.org\/wiki\/Mohammed_I_ibn_Nasr\">Mohammed ben Al-Ahmar<\/a>\u00a0du Royaume de Grenade la r\u00e9nove et construit le palais. Celui-\u00e7i a ensuite \u00e9t\u00e9 transform\u00e9 en un palais royal en 1333 par\u00a0<a href=\"https:\/\/translate.google.com\/translate?hl=en&amp;prev=_t&amp;sl=auto&amp;tl=fr&amp;u=http:\/\/en.wikipedia.org\/wiki\/Yusuf_I,_Sultan_of_Granada\">Yusuf Ier de Grenade<\/a>\u00a0.<\/p>\n<figure id=\"attachment_69\" aria-describedby=\"caption-attachment-69\" style=\"width: 199px\" class=\"wp-caption aligncenter\"><img loading=\"lazy\" class=\"size-medium wp-image-69\" src=\"http:\/\/www.cortijosreyfini.com\/wp-content\/uploads\/2016\/04\/15-Court-of-theMyrtles-Alhambra-199x300.jpg\" alt=\"Court of Myrtles\" width=\"199\" height=\"300\" srcset=\"https:\/\/www.cortijosreyfini.com\/wp-content\/uploads\/2016\/04\/15-Court-of-theMyrtles-Alhambra-199x300.jpg 199w, https:\/\/www.cortijosreyfini.com\/wp-content\/uploads\/2016\/04\/15-Court-of-theMyrtles-Alhambra-681x1024.jpg 681w, https:\/\/www.cortijosreyfini.com\/wp-content\/uploads\/2016\/04\/15-Court-of-theMyrtles-Alhambra.jpg 700w\" sizes=\"( max-width: 768px ) 100vw, ( min-width: 768px ) and ( max-width: 992px ) 50vw, 199px\" \/><figcaption id=\"caption-attachment-69\" class=\"wp-caption-text\">Court of Myrtles<\/figcaption><\/figure>\n<div class=\"par_con\">\n<p>Le Palais islamique de l&rsquo;Alhambra a \u00e9t\u00e9 construit pour les derniers \u00e9mirs musulmans\u00a0en Espagne et la cour de la <a href=\"https:\/\/translate.google.com\/translate?hl=en&amp;prev=_t&amp;sl=auto&amp;tl=fr&amp;u=http:\/\/en.wikipedia.org\/wiki\/Nasrid_dynasty\">dynastie des Nasrides<\/a>.\u00a0Apr\u00e8s la reconqu\u00eate par les\u00a0<a href=\"https:\/\/translate.google.com\/translate?hl=en&amp;prev=_t&amp;sl=auto&amp;tl=fr&amp;u=http:\/\/en.wikipedia.org\/wiki\/Los_Reyes_Cat%25C3%25B3licos\"><em>Reyes Cat\u00f3licos<\/em><\/a>\u00a0(Rois Catholiques) en 1492, certaines parties ont \u00e9t\u00e9 utilis\u00e9es par les dirigeants chr\u00e9tiens.\u00a0Le\u00a0<a href=\"https:\/\/translate.google.com\/translate?hl=en&amp;prev=_t&amp;sl=auto&amp;tl=fr&amp;u=http:\/\/en.wikipedia.org\/wiki\/Palace_of_Charles_V\">Palais de Charles V<\/a>\u00a0, construit par\u00a0<a href=\"https:\/\/translate.google.com\/translate?hl=en&amp;prev=_t&amp;sl=auto&amp;tl=fr&amp;u=http:\/\/en.wikipedia.org\/wiki\/Charles_V,_Holy_Roman_Emperor\">Charles Quint<\/a>\u00a0en 1527, a \u00e9t\u00e9 ins\u00e9r\u00e9 dans les fortifications Nasrides.<\/p>\n<\/div>\n<div class=\"par_con\">\n<p>Apr\u00e8s avoir \u00e9t\u00e9 oubli\u00e9 pendant des si\u00e8cles, l&rsquo;Alhambra a \u00e9t\u00e9 red\u00e9couvert au 19\u00e8me si\u00e8cle par des savants et voyageurs europ\u00e9ens, et restaur\u00e9.<\/p>\n<\/div>\n<div class=\"par_con\">\n<p>C\u2019est de nos jours l\u2019une des principales attractions touristiques d&rsquo;Espagne, repr\u00e9sentant la plus importante architecture islamique. Les nouvelles constructions et am\u00e9nagements des jardins entrepris par les chr\u00e9tiens depuis le 16\u00e8me y contribuent fortement. L&rsquo;Alhambra est un\u00a0<a href=\"https:\/\/translate.google.com\/translate?hl=en&amp;prev=_t&amp;sl=auto&amp;tl=fr&amp;u=http:\/\/en.wikipedia.org\/wiki\/UNESCO_World_Heritage_Site\">site du patrimoine mondial de l&rsquo;UNESCO<\/a>\u00a0, et a inspir\u00e9 de nombreux chansonniers, artistes et l\u00e9gendes.<\/p>\n<\/div>\n<figure id=\"attachment_59\" aria-describedby=\"caption-attachment-59\" style=\"width: 840px\" class=\"wp-caption aligncenter\"><img loading=\"lazy\" class=\"size-post-thumbnail wp-image-59\" src=\"http:\/\/www.cortijosreyfini.com\/wp-content\/uploads\/2016\/04\/5-The-court-of-the-lions-Alhambra-Palace.jpg\" alt=\"Court of the Lion\" width=\"840\" height=\"558\" srcset=\"https:\/\/www.cortijosreyfini.com\/wp-content\/uploads\/2016\/04\/5-The-court-of-the-lions-Alhambra-Palace.jpg 1053w, https:\/\/www.cortijosreyfini.com\/wp-content\/uploads\/2016\/04\/5-The-court-of-the-lions-Alhambra-Palace-300x199.jpg 300w, https:\/\/www.cortijosreyfini.com\/wp-content\/uploads\/2016\/04\/5-The-court-of-the-lions-Alhambra-Palace-768x511.jpg 768w, https:\/\/www.cortijosreyfini.com\/wp-content\/uploads\/2016\/04\/5-The-court-of-the-lions-Alhambra-Palace-1024x681.jpg 1024w\" sizes=\"( max-width: 768px ) 100vw, ( min-width: 768px ) and ( max-width: 992px ) 50vw, 840px\" \/><figcaption id=\"caption-attachment-59\" class=\"wp-caption-text\">Court of the Lion<\/figcaption><\/figure>\n<div class=\"par_con\">\n<p>Des po\u00e8tes maures d\u00e9crivent l\u2019Alhambra comme \u00abun ensemble de perles d\u2019\u00e9meraudes,\u00a0\u00bb en r\u00e9f\u00e9rence \u00e0 la couleur de ses b\u00e2timents et des bois alentours.\u00a0Le complexe du palais a \u00e9t\u00e9 influenc\u00e9 par les montagnes et les connaissances techniques des diff\u00e9rentes \u00e9poques. Le parc\u00a0<em>(Alameda de la Alhambra),<\/em>\u00a0envahi de fleurs sauvages et autres herbes au printemps, a \u00e9t\u00e9 plant\u00e9 de roses, oranges et<a href=\"https:\/\/translate.google.com\/translate?hl=en&amp;prev=_t&amp;sl=auto&amp;tl=fr&amp;u=http:\/\/en.wikipedia.org\/wiki\/Myrtus_communis\">myrtes<\/a>\u00a0par les Maures\u00a0.\u00a0Son trait le plus caract\u00e9ristique, cependant, est l\u2019orme apport\u00e9 par le\u00a0<a href=\"https:\/\/translate.google.com\/translate?hl=en&amp;prev=_t&amp;sl=auto&amp;tl=fr&amp;u=http:\/\/en.wikipedia.org\/wiki\/Arthur_Wellesley,_1st_Duke_of_Wellington\">duc de Wellington<\/a>\u00a0en 1812. Dans le parc, on entend des <a href=\"https:\/\/translate.google.com\/translate?hl=en&amp;prev=_t&amp;sl=auto&amp;tl=fr&amp;u=http:\/\/en.wikipedia.org\/wiki\/Nightingale\">rossignols<\/a>\u00a0et autres bruits d\u2019eaux, de fontaines et de cascades. L\u2019eau provient de la rivi\u00e8re Darro, du\u00a0monast\u00e8re de J\u00e9sus del Valle au dessus Grenade,par un conduit de 8KM de long.<\/p>\n<\/div>\n<div class=\"par_con\">\n<\/div>\n<div class=\"par_con\">\n<p>Malgr\u00e9 les n\u00e9gligences, vandalismes d\u00e9lib\u00e9r\u00e9s et autres travaux de restaurations mal \u00e9valu\u00e9s, l&rsquo;Alhambra reste un exemple atypique de l&rsquo;art musulman dans ses phases finales europ\u00e9ennes, \u00e9chappant presque totalement \u00e0 celles des Byzantins que l\u2019on peut observer \u00e0 la Mezquita de Cordoue. La majorit\u00e9 des b\u00e2timents du palais sont des plans quadrangulaires, toutes les chambres donnent sur une cour centrale; l&rsquo;ensemble atteint sa taille actuelle par l&rsquo;ajout successifs de nouveaux quadrilat\u00e8res, con\u00e7us sur le m\u00eame principe, mais de dimensions diverses, et reli\u00e9s entre eux par de petites salles et passages.\u00a0L&rsquo;Alhambra a \u00e9t\u00e9 \u00e9tendu par les diff\u00e9rents dirigeants musulmans qui y vivaient.\u00a0Cependant, chaque nouvelle section a \u00e9t\u00e9 ajout\u00e9e suivant le th\u00e8me du \u00ab\u00a0paradis sur terre\u00a0\u00bb.\u00a0Arcades, colonnes, fontaines \u00e0 eau courante et miroirs d&rsquo;eau ont \u00e9t\u00e9 utilis\u00e9s dans le double but esth\u00e9tique et fonctionnel. L&rsquo;ext\u00e9rieur a \u00e9t\u00e9 pr\u00e9serv\u00e9, simple et aust\u00e8re.\u00a0Le soleil et le vent y ont la part belle.\u00a0Bleu, rouge et jaune d&rsquo;or sont foisonnants, m\u00eame si ces couleurs ont \u00e9t\u00e9 fan\u00e9es par le temps et l&rsquo;exposition \u00e0 la lumi\u00e8re.<\/p>\n<\/div>\n<\/div>\n<div class=\"par_con\">\n<figure id=\"attachment_71\" aria-describedby=\"caption-attachment-71\" style=\"width: 840px\" class=\"wp-caption aligncenter\"><img loading=\"lazy\" class=\"size-post-thumbnail wp-image-71\" src=\"http:\/\/www.cortijosreyfini.com\/wp-content\/uploads\/2016\/04\/17-Carved-detail-from-Alhambra-palace.jpg\" alt=\"Carved Detailing\" width=\"840\" height=\"558\" srcset=\"https:\/\/www.cortijosreyfini.com\/wp-content\/uploads\/2016\/04\/17-Carved-detail-from-Alhambra-palace.jpg 1053w, https:\/\/www.cortijosreyfini.com\/wp-content\/uploads\/2016\/04\/17-Carved-detail-from-Alhambra-palace-300x199.jpg 300w, https:\/\/www.cortijosreyfini.com\/wp-content\/uploads\/2016\/04\/17-Carved-detail-from-Alhambra-palace-768x511.jpg 768w, https:\/\/www.cortijosreyfini.com\/wp-content\/uploads\/2016\/04\/17-Carved-detail-from-Alhambra-palace-1024x681.jpg 1024w\" sizes=\"( max-width: 768px ) 100vw, ( min-width: 768px ) and ( max-width: 992px ) 50vw, 840px\" \/><figcaption id=\"caption-attachment-71\" class=\"wp-caption-text\">Carved Detailing<\/figcaption><\/figure>\n<div class=\"par_con\">\n<p>La d\u00e9coration se compose, dans les grandes lignes, d\u2019inscriptions en arabe suivant des sch\u00e9mas g\u00e9om\u00e9triques sacr\u00e9s forg\u00e9s en\u00a0<a href=\"https:\/\/translate.google.com\/translate?hl=en&amp;prev=_t&amp;sl=auto&amp;tl=fr&amp;u=http:\/\/en.wikipedia.org\/wiki\/Arabesque_(Islamic_art)\">arabesques<\/a>.\u00a0Les tuiles peintes sont souvent utilis\u00e9es en tant que lambris muraux.\u00a0Le complexe du palais est con\u00e7u dans le\u00a0<a href=\"https:\/\/translate.google.com\/translate?hl=en&amp;prev=_t&amp;sl=auto&amp;tl=fr&amp;u=http:\/\/en.wikipedia.org\/wiki\/Mud%25C3%25A9jar\"><em>style mud\u00e9jar<\/em><\/a>, caract\u00e9ristique des \u00e9l\u00e9ments occidentaux r\u00e9interpr\u00e9t\u00e9s dans des formes islamiques et largement populaires pendant la Reconquista de la p\u00e9ninsule ib\u00e9rique des musulmans par les chr\u00e9tiens.<\/p>\n<\/div>\n<div class=\"par_con\">\n<p>Nous recommandons fortement une visite de l&rsquo;Alhambra \u00e0 Grenade, mais le complexe est victime de son succ\u00e8s en \u00e9t\u00e9.\u00a0Vous trouverez ci-dessous des conseils pour l&rsquo;achat de billets.\u00a0Il vous faudra partir des Cortijos \u00e0 7 heures pour y arriver \u00e0 environ 8h30.\u00a0Roulez vers Orgiva, puis Lanjaron et Grenade, l&rsquo;Alhambra est clairement indiqu\u00e9 d\u00e8s l&rsquo;arriv\u00e9e \u00e0 la ville.<\/p>\n<\/div>\n<div class=\"par_con\">\n<p>Les parkings sont nombreux.<\/p>\n<\/div>\n<div class=\"par_con\">\n<p>Pour une visite compl\u00e8te, comptez un minimum de trois heures, et si vous avez l&rsquo;intention de voir la vieille ville de Grenade, vous pouvez laisser votre voiture au parking de l&rsquo;Alhambra et prendre le minibus au bas du palais, ou vous y rendre \u00e0 pied.<\/p>\n<\/div>\n<div class=\"par_con\">\n<p>(pour plus d&rsquo;informations sur Grenade, rendez-vous sur la page \u201cGranada\u201d)<\/p>\n<\/div>\n<div class=\"par_con\">\n<\/div>\n<div class=\"par_con\">\n<p><strong>Comment acheter des billets pour l&rsquo;Alhambra :<\/strong><\/p>\n<\/div>\n<div class=\"par_con\">\n<p>En Juillet et Ao\u00fbt il vaut mieux r\u00e9server vos billets \u00e0 l&rsquo;avance. Vous pouvez le faire en ligne: <a href=\"https:\/\/tickets.alhambra-patronato.es\/fr\/\" target=\"_blank\" rel=\"noopener\">https:\/\/tickets.alhambra-patronato.es\/fr\/<\/a><\/p>\n<\/div>\n<div class=\"par_con\">\n<p>Vous pouvez aussi les acheter par t\u00e9l\u00e9phone au +34 934 923 750.<\/p>\n<\/div>\n<div class=\"par_con\">\n<p>Une fois r\u00e9serv\u00e9s, retirez vos billets \u00e0 la billetterie (indiqu\u00e9 <em>Retirada de Reservas).<\/em>\u00a0Pr\u00e9sentez la m\u00eame carte de cr\u00e9dit que celle utilis\u00e9e \u00e0 la r\u00e9servation<\/p>\n<\/div>\n<div class=\"par_con\">\n<p>Vous pouvez aussi acheter des billets sur place mais les places \u00e9tant limit\u00e9s ce n\u2019est pas recommand\u00e9 en haute saison.<\/p>\n<\/div>\n<div class=\"par_con\">\n<p>Les billets ne sont valables que pour le jour de l&rsquo;achat du billet.<\/p>\n<\/div>\n<div class=\"par_con\">\n<p>Vous ne pouvez pas changer la date ou l&rsquo;heure de la visite une fois que vous avez achet\u00e9 votre billet<\/p>\n<\/div>\n<div class=\"par_con\">\n<p>Modes de paiements:<\/p>\n<\/div>\n<div class=\"par_con\">\n<p>En esp\u00e8ces uniquement \u00e0 la billetterie<\/p>\n<\/div>\n<div class=\"par_con\">\n<p>Carte de cr\u00e9dit uniquement dans les distributeurs \u00a0(Dans ce cas, une commission de gestion sera ajout\u00e9 au prix du billet)<\/p>\n<\/div>\n<div class=\"par_con\">\n<p>Prix : (tarifs indicatifs)<\/p>\n<\/div>\n<div class=\"par_con\">\n<p>Visite g\u00e9n\u00e9rale de la journ\u00e9e, (y compris l&rsquo;Alcazaba, le Palais Nasrides, et le Generalife:<\/p>\n<\/div>\n<div class=\"par_con\">\n<p>\u20ac 15,40 (billet standard), \u20ac 10,40 pour les personnes \u00e2g\u00e9es de l&rsquo;UE (+ de 65ans) et les \u00e9tudiants, \u20ac 9,40 pour les enfants de 12 \u00e0 15 ans, et entr\u00e9e gratuite pour les enfants de moins de 12 ans et handicap\u00e9s.<\/p>\n<\/div>\n<div class=\"par_con\">\n<p>Visite nocturne des Palais: \u20ac 9,30 (abonnement g\u00e9n\u00e9ral), entr\u00e9e gratuite pour les enfants de moins de 12 ans.<\/p>\n<\/div>\n<div class=\"par_con\">\n<p>Heures d&rsquo;ouverture:<\/p>\n<\/div>\n<div class=\"par_con\">\n<p>15 Octobre &#8211; 14 Mars (l&rsquo;entr\u00e9e est limit\u00e9e \u00e0 6300 personnes par jour).<\/p>\n<\/div>\n<div class=\"par_con\">\n<p>Lundi au dimanche: de 08h30 \u00e0 18h00.<br \/>\nVisites nocturnes : les vendredis et samedis de 20h00 \u00e0 21h30.<br \/>\n(Cette visite ne comprend que les Palais Nasrides).<br \/>\nFerm\u00e9: le 25 D\u00e9cembre et le 1er Janvier<\/p>\n<\/div>\n<div class=\"par_con\">\n<p>15 Mars \u2013 14 Octobre (l&rsquo;entr\u00e9e est limit\u00e9e \u00e0 7700 personnes par jour).<br \/>\nLundi au dimanche: de 08h30 \u00e0 20h00.<br \/>\nVisites nocturnes : du mardi au samedi de 22h00 \u00e0 23h30. (Cette visite ne comprend que les Palais Nasrides).<\/p>\n<\/div>\n<div class=\"par_con\">\n<p>Les horaires de votre visite aux Palais Nasrides sont imprim\u00e9s sur les billets d&rsquo;entr\u00e9e.\u00a0Vous n\u2019avez pas acc\u00e8s aux palais \u00e0 un autre moment et les billets ne seront pas remboursables.<\/p>\n<\/div>\n<div class=\"par_con\">\n<p>NB: Pendant les mois de Juillet et Ao\u00fbt \u00e9vitez de commencer la visite de l&rsquo;Alhambra apr\u00e8s 10 heures.\u00a0Il peut faire extr\u00eamement chaud, ce qui peut rendre la visite difficile, surtout si vous avez de jeunes enfants.<\/p>\n<\/div>\n<\/div>\n","protected":false},"excerpt":{"rendered":"<p>La forteresse de\u00a0l&rsquo;Alhambra\u00a0est situ\u00e9e dans\u00a0Grenade\u00a0, en Andalousie. A l&rsquo;origine, en 889, elle n&rsquo;\u00e9tait que tr\u00e8s petite puis fut ignor\u00e9e jusqu&rsquo;au milieu du 11e si\u00e8cle quand le roi Maure\u00a0Mohammed ben Al-Ahmar\u00a0du Royaume de Grenade la r\u00e9nove et construit le palais. Celui-\u00e7i a ensuite \u00e9t\u00e9 transform\u00e9 en un palais royal en 1333 par\u00a0Yusuf Ier de Grenade\u00a0. Le &hellip; <a href=\"https:\/\/www.cortijosreyfini.com\/fr\/things-to-do\/alhambra\/\" class=\"more-link\">Continue reading <span class=\"screen-reader-text\">Alhambra<\/span><\/a><\/p>\n","protected":false},"author":1,"featured_media":0,"parent":616,"menu_order":0,"comment_status":"closed","ping_status":"closed","template":"","meta":{"om_disable_all_campaigns":false,"_monsterinsights_skip_tracking":false,"_monsterinsights_sitenote_active":false,"_monsterinsights_sitenote_note":"","_monsterinsights_sitenote_category":0},"acf":[],"aioseo_notices":[],"_links":{"self":[{"href":"https:\/\/www.cortijosreyfini.com\/fr\/wp-json\/wp\/v2\/pages\/765"}],"collection":[{"href":"https:\/\/www.cortijosreyfini.com\/fr\/wp-json\/wp\/v2\/pages"}],"about":[{"href":"https:\/\/www.cortijosreyfini.com\/fr\/wp-json\/wp\/v2\/types\/page"}],"author":[{"embeddable":true,"href":"https:\/\/www.cortijosreyfini.com\/fr\/wp-json\/wp\/v2\/users\/1"}],"replies":[{"embeddable":true,"href":"https:\/\/www.cortijosreyfini.com\/fr\/wp-json\/wp\/v2\/comments?post=765"}],"version-history":[{"count":3,"href":"https:\/\/www.cortijosreyfini.com\/fr\/wp-json\/wp\/v2\/pages\/765\/revisions"}],"predecessor-version":[{"id":1839,"href":"https:\/\/www.cortijosreyfini.com\/fr\/wp-json\/wp\/v2\/pages\/765\/revisions\/1839"}],"up":[{"embeddable":true,"href":"https:\/\/www.cortijosreyfini.com\/fr\/wp-json\/wp\/v2\/pages\/616"}],"wp:attachment":[{"href":"https:\/\/www.cortijosreyfini.com\/fr\/wp-json\/wp\/v2\/media?parent=765"}],"curies":[{"name":"wp","href":"https:\/\/api.w.org\/{rel}","templated":true}]}}