{"id":585,"date":"2016-04-13T10:15:32","date_gmt":"2016-04-13T10:15:32","guid":{"rendered":"http:\/\/wegetcreative.co.uk\/crf\/?page_id=585&#038;lang=fr"},"modified":"2016-04-13T10:15:32","modified_gmt":"2016-04-13T10:15:32","slug":"faq","status":"publish","type":"page","link":"https:\/\/www.cortijosreyfini.com\/fr\/faq\/","title":{"rendered":"FAQ"},"content":{"rendered":"<div class=\"par_con\">\n<p><strong>Questions fr\u00e9quentes concernant les Cortijos Rey Fini et les environs :<\/strong><\/p>\n<\/div>\n<div class=\"par_con\">\n<p>Pour toutes urgence, incendie, ambulance appelez le 112<\/p>\n<\/div>\n<div class=\"par_con\">\n<p><strong>1- Quelle est la particularit\u00e9 de cette partie de l&rsquo;Espagne?<\/strong><\/p>\n<\/div>\n<div class=\"par_con\">\n<p>Cette partie de l&rsquo;Espagne est rest\u00e9e intacte, ses villages de montagne ont conserv\u00e9 leurs modes de vie traditionnels tout en ayant le souci d\u2019accueillir les visiteurs dans la r\u00e9gion.\u00a0Le paysage est incroyablement beau et offre de nombreuses possibilit\u00e9s de balades et randonn\u00e9es. Il semble que les Alpujarras soient faits pour votre d\u00e9tente, vous retrouver et prendre une pause loin du stress de la vie quotidienne.<\/p>\n<\/div>\n<div class=\"par_con\">\n<p><strong>2- Quel est le climat?<\/strong><\/p>\n<\/div>\n<div class=\"par_con\">\n<p>Du fait de leur situation au sud de la Sierra Nevada, nos Cortijos jouissent d&rsquo;un climat m\u00e9diterran\u00e9en : tr\u00e8s ensoleill\u00e9, il fait g\u00e9n\u00e9ralement chaud et sec mais frais la nuit en raison de l&rsquo;altitude. Tout d\u00e9pend de ce que vous cherchez, chaque saison a son charme :<\/p>\n<\/div>\n<div class=\"par_con\">\n<p><strong>Avril \/ Mai \/ Juin<\/strong>\u00a0\u2013 le printemps est tr\u00e8s beau, les fleurs sauvages \u00e9closent partout.\u00a0C\u2019est une bonne saison pour la randonn\u00e9e, bien souvent ensoleill\u00e9e, et les temp\u00e9ratures sont agr\u00e9ables pour la marche.<\/p>\n<\/div>\n<div class=\"par_con\">\n<p><strong>Juillet \/ Ao\u00fbt<\/strong>\u00a0\u2013 Tr\u00e8s chaud, bien qu&rsquo;en raison de l&rsquo;altitude c\u2019est toujours tr\u00e8s supportable dans les g\u00eetes.<\/p>\n<\/div>\n<div class=\"par_con\">\n<p><strong>Septembre \/ Octobre<\/strong>\u00a0&#8211; L&rsquo;automne est superbe, il fait encore chaud pendant la journ\u00e9e, mais sans la chaleur intense des mois d&rsquo;\u00e9t\u00e9. Les nuits deviennent plus en plus fraiches.<\/p>\n<\/div>\n<div class=\"par_con\">\n<p><strong>Novembre \u00e0 Mars &#8211;<\/strong>\u00a0Les cortijos sont ferm\u00e9s les mois d&rsquo;hiver (sauf exception), mais la station de ski et les villages alentours sont ouverts et en descendant d\u2019altitude \u2013 tel qu\u2019\u00e0 Orgiva par exemple \u2013 il fait bien meilleur.\u00a0Les hivers, bien que froids, voient toujours des jours ensoleill\u00e9s mais les temp\u00e9ratures chutent consid\u00e9rablement d\u00e8s le coucher du soleil<\/p>\n<\/div>\n<div class=\"par_con\">\n<p><strong>3- Louez-vous uniquement du samedi au samedi ?<\/strong><\/p>\n<\/div>\n<div class=\"par_con\">\n<p>C\u2019est notre mode de fonctionnement, mais si nous pouvons vous arranger, nous le ferons.<\/p>\n<\/div>\n<div class=\"par_con\">\n<p><strong>4- Comment puis-je obtenir la cl\u00e9 de la maison?<\/strong><\/p>\n<\/div>\n<div class=\"par_con\">\n<p>Nous vous le ferons savoir d\u00e8s confirmation de votre r\u00e9servation<\/p>\n<\/div>\n<div class=\"par_con\">\n<p><strong>5- Les draps et serviettes sont-ils fournis?<\/strong><\/p>\n<\/div>\n<div class=\"par_con\">\n<p>Oui les draps et serviettes sont fournis.<\/p>\n<\/div>\n<div class=\"par_con\">\n<p><strong>6 Y a-t-il un lit b\u00e9b\u00e9 et\/ou chaise haute?<\/strong><\/p>\n<\/div>\n<div class=\"par_con\">\n<p>Oui, tous deux sont disponibles sans frais, mais faites-nous conna\u00eetre votre besoin \u00e0 l\u2019avance.<\/p>\n<\/div>\n<div class=\"par_con\">\n<p><strong>7- A quelles distances sont les magasins et bars les plus proche?<\/strong><\/p>\n<\/div>\n<div class=\"par_con\">\n<p>Nous sommes \u00e0 mi-chemin entre deux villages de montagne &#8211; Trevelez et Busquistar &#8211; \u00a0o\u00f9 vous trouverez des magasins, superettes, restaurants et bars &#8211; \u00e0 environ 4 km.\u00a0La superette la mieux achaland\u00e9e est celle de Pitres, un peu plus loin.<\/p>\n<\/div>\n<div class=\"par_con\">\n<p><strong>8- Y at-il des balades int\u00e9ressantes \u00e0 partir des Cortijo, sans avoir \u00e0 prendre la voiture ?<\/strong><\/p>\n<\/div>\n<div class=\"par_con\">\n<p>Oui, il y a beaucoup de belles balades au d\u00e9part des Cortijos.\u00a0Pour plus d&rsquo;informations merci de consulter la partie \u201cBalades et randonn\u00e9es\u201d et, si n\u00e9cessaire, imprimez-la avant votre d\u00e9part.<\/p>\n<\/div>\n<div class=\"par_con\">\n<p><strong>9- Quels sont les autres randonn\u00e9es dans la r\u00e9gion?<\/strong><\/p>\n<\/div>\n<div class=\"par_con\">\n<p>Voir ci-dessus.<\/p>\n<\/div>\n<div class=\"par_con\">\n<p><strong>10- Des ballages \u00e0 cheval sont-elles possibles ?<\/strong><\/p>\n<\/div>\n<div class=\"par_con\">\n<p>Oui, voir nos liens<\/p>\n<\/div>\n<div class=\"par_con\">\n<p><strong>11- Quelles est l\u2019intimit\u00e9 de chaque Coritjo lorsque tous trois sont lou\u00e9s?<\/strong><\/p>\n<\/div>\n<div class=\"par_con\">\n<p>Les trois cortijos sont dispos\u00e9s de telle sorte que votre intimit\u00e9 est respect\u00e9e. Chaque Cortijo dispose de son propre espace ext\u00e9rieur pour votre d\u00e9tente et nous constatons que la piscine est un bon lieu pour faire connaissance avec les autres clients. Mais vous pouvez bien s\u00fbr aussi l\u2019utiliser quand il n\u2019y a personne.<\/p>\n<\/div>\n<div class=\"par_con\">\n<p><strong>12- Chaque Cortijo dispose-t-il d\u2019une machine \u00e0 laver?<\/strong><\/p>\n<\/div>\n<div class=\"par_con\">\n<p>Oui<\/p>\n<\/div>\n<div class=\"par_con\">\n<p><strong>13- Le wifi est-il disponible ?<\/strong><\/p>\n<\/div>\n<div class=\"par_con\">\n<p>Oui.\u00a0Pour les mots de passe merci de consulter le manuel.\u00a0Si vous s\u00e9journez dans Almond le wifi Fini_net s\u2019activera automatiquement.\u00a0Si vous \u00eates \u00e0 Walnut et Pablito vous devrez taper le mot de passe \u00e0 l&rsquo;arri\u00e8re du routeur.<\/p>\n<\/div>\n<div class=\"par_con\">\n<p><strong>14\u00a0\u2013\u00a0Y\u2019a-t-il de la place pour se garer ?<\/strong><\/p>\n<\/div>\n<div class=\"par_con\">\n<p>Pas de probl\u00e8me, il y a largement de la place pour le stationnement.\u00a0Mais en r\u00e8gle g\u00e9n\u00e9rale et par respect des autres, nous essayons de ne pas stationner sur\u00a0l\u2019aire elle-m\u00eame.<\/p>\n<\/div>\n<div class=\"par_con\">\n<p><strong>15- Comment la cuisine est-elle \u00e9quip\u00e9e ?<\/strong><\/p>\n<\/div>\n<div class=\"par_con\">\n<p>Chaque cuisine b\u00e9n\u00e9ficie de toute la vaisselle, ustensiles, r\u00e9frig\u00e9rateurs ou plaques n\u00e9cessaires. Parfois, les clients mangent ensemble et partagent les ainsi les plaques etc, jusqu\u2019\u00e0 finir parfois dans un seul cortijo. Nous v\u00e9rifions les \u00e9quipements, mais si quelque chose devait vous manquer, merci d\u2019en parler aux autres clients.<\/p>\n<\/div>\n<div class=\"par_con\">\n<p>Il y a aussi des ingr\u00e9dients de base comme du sel, caf\u00e9, sucre, p\u00e2tes, etc, qui ont \u00e9t\u00e9 laiss\u00e9s par les clients pr\u00e9c\u00e9dents. N\u2019h\u00e9sitez pas \u00e0 utiliser ce qui est disponible, et merci de faire de m\u00eame pour les futurs locataires.<\/p>\n<\/div>\n<div class=\"par_con\">\n<p><strong>16- Le gaz, l\u2019\u00e9lectricit\u00e9 et l\u2019eau chaude sont-ils inclus dans le prix ?<\/strong><\/p>\n<\/div>\n<div class=\"par_con\">\n<p>Oui, tout est inclus.\u00a0L&rsquo;eau chaude dans Pablito et Walnut est chauff\u00e9e au gaz &#8211; les instructions sont dans les Cortijos &#8211; et dans Almond par panneaux solaires (plus un po\u00eale \u00e0 gaz en cas de n\u00e9cessit\u00e9).<\/p>\n<\/div>\n<div class=\"par_con\">\n<p><strong>17- O\u00f9 dois-je aller si j\u2019ai besoin d\u2019un m\u00e9decin?<\/strong><\/p>\n<\/div>\n<div class=\"par_con\">\n<p>Il y a des m\u00e9decins dans chaque village et des cliniques 24\/7 \u00e0 Pitres et Trevelez.<\/p>\n<\/div>\n<div class=\"par_con\">\n<p>En cas d\u2019urgence, appelez le <strong>112<\/strong>\u00a0.<\/p>\n<\/div>\n<div class=\"par_con\">\n<p><strong>18- A quelle distance est la plage la plus proche?<\/strong><\/p>\n<\/div>\n<div class=\"par_con\">\n<p>Environ 1h30, selon la plage.<\/p>\n<\/div>\n<div class=\"par_con\">\n<p>La c\u00f4te offre un nombre important de plages, vous n\u2019aurez que l\u2019embarras du choix ! Merci de consulter la section \u201cplages\u201d sur le site<\/p>\n<\/div>\n<div class=\"par_con\">\n<p><strong>19- La r\u00e9gion est-elle dangereuse ?<\/strong><\/p>\n<\/div>\n<div class=\"par_con\">\n<p>Nous n\u2019avons jamais eu de probl\u00e8mes aux Cortijos, mais si vous le voulez, \u00a0prenez les cl\u00e9s en quittant votre Cortijo.<\/p>\n<\/div>\n<div class=\"par_con\">\n<p><strong>20 Qu&rsquo;arrive-t-il si je perds mes cl\u00e9s ou les laisse \u00e0 l&rsquo;int\u00e9rieur?<\/strong><\/p>\n<\/div>\n<div class=\"par_con\">\n<p>Si aucune fen\u00eatre n\u2019a \u00e9t\u00e9 laiss\u00e9e ouverte contactez-nous ou Antonio (voir ci-dessous)<\/p>\n<\/div>\n<div class=\"par_con\">\n<p><strong>21- Qui contacter en cas de probl\u00e8me ?<\/strong><\/p>\n<\/div>\n<div class=\"par_con\">\n<p>Cela d\u00e9pend de votre connaissance de l\u2019espagnol et de la gravit\u00e9 du probl\u00e8me !<\/p>\n<\/div>\n<div class=\"par_con\">\n<p>Pour les petites questions comme panne de de gaz, d\u2019eau, etc vous pouvez appeler notre jardinier Antonio: +34647031608<\/p>\n<\/div>\n<div class=\"par_con\">\n<p>ou envoyez-nous un SMS au +44 (0) 7912204514 \u00a0ou +44 (0) 7885410998<\/p>\n<\/div>\n<div class=\"par_con\">\n<p>ou \u00e9crivez-nous sur mofini@btinternet.com<\/p>\n<\/div>\n<div class=\"par_con\">\n<p><strong>22- Que faire en cas d\u2019incendie ?<\/strong><\/p>\n<\/div>\n<div class=\"par_con\">\n<p>Appelez le<strong> 112<\/strong><\/p>\n<\/div>\n<div class=\"par_con\">\n<p><strong>23- O\u00f9 puis-je obtenir le bois et le charbon de bois?<\/strong><\/p>\n<\/div>\n<div class=\"par_con\">\n<p>Allumes-feux et petits bois sont disponibles dans la plupart des superettes.<\/p>\n<\/div>\n<div class=\"par_con\">\n<p>Pour le bois c\u2019est un peu plus compliqu\u00e9.\u00a0Nous pouvons vous en fournir un peu, mais vous pouvez aussi prendre une scie et en chercher dans les environs.\u00a0La plupart du bois dans les Alpujarras vient de Cordoba, \u00e0 quelque 300 km de l\u00e0, et co\u00fbte environ 70,00 \u20ac la brouette donc, merci de ne pas nous d\u00e9valiser !\u00a0En cas de besoin suppl\u00e9mentaires, nous pouvons vous fournir et vous facturer en cons\u00e9quence.<\/p>\n<\/div>\n<div class=\"par_con\">\n<p>Merci de faire du feu dans les endroits pr\u00e9vus \u00e0 cet effet et de ne jamais jeter les cendres chaudes mais de les mettre dans un seau, la v\u00e9g\u00e9tation peut \u00eatre tr\u00e8s s\u00e8che dans les Alpujarras.<\/p>\n<\/div>\n<div class=\"par_con\">\n<p><strong>24- Comment allumer le feu \u00e0 l&rsquo;int\u00e9rieur?<\/strong><\/p>\n<\/div>\n<div class=\"par_con\">\n<p>a- S\u2019il y a beaucoup de cendres froides, sortez le plateau en dessous de la chemin\u00e9e et r\u00e9pandez-les dans l&rsquo;herbe ou autour des arbres fruitiers.<\/p>\n<\/div>\n<div class=\"par_con\">\n<p>Mais un peu de cendres dans la chemin\u00e9e n\u2019est pas une mauvaise chose, cela donne une assise au feu et maintient mieux la chaleur.<\/p>\n<\/div>\n<div class=\"par_con\">\n<p>b- Placez du papier, une pomme de pin ou un allume-feu dans le foyer, puis quelques petits bouts de bois, quelques b\u00e2tons de taille moyenne en pyramide.\u00a0Allumez le feu et fermez imm\u00e9diatement les portes.\u00a0Ouvrez l\u00e9g\u00e8rement la fen\u00eatre m\u00e9tallique en dessous de la chemin\u00e9e pour r\u00e9guler l\u2019appel d\u2019air.<\/p>\n<\/div>\n<div class=\"par_con\">\n<p><strong>25- Que dois-je faire si je casse quelque chose?<\/strong><\/p>\n<\/div>\n<div class=\"par_con\">\n<p>Nous essayons de fonctionner dans un rapport de confiance, et d\u00e9testons v\u00e9rifier dans le d\u00e9tail si tout est ok. Si vous cassez quelque chose il suffit de nous laisser un mot et un peu d&rsquo;argent.\u00a0Pour r\u00e9f\u00e9rence, la plupart de nos verres \u00e0 vin sont faits \u00e0 la main au Mexique et co\u00fbtent 7,00 \u20ac par verre, idem pour les assiettes et plats qui co\u00fbtent \u20ac 10,00.\u00a0Pour d\u2019autres articles, nous laissons l\u2019\u00e9valuation des d\u00e9gats \u00e0 votre discr\u00e9tion.<\/p>\n<\/div>\n<div class=\"par_con\">\n<p><strong>26- A quelle distance sont l\u2019a\u00e9roport de Grenade, l\u2019Alhambra et Grenade ?<\/strong><\/p>\n<\/div>\n<div class=\"par_con\">\n<p>En comptant une petite marge, il vous faudra une heure et demie<\/p>\n<\/div>\n<div class=\"par_con\">\n<p><strong>27- Quelle sortie d\u2019autoroute dois-je prendre pour me rendre aux Cortijos ?<\/strong><\/p>\n<\/div>\n<div class=\"par_con\">\n<p>Sortie 175, panneau Orgiva et Alpujarras.<\/p>\n<\/div>\n<div class=\"par_con\">\n<p><strong>28-Quelle est la vie nocturne ?<\/strong><\/p>\n<\/div>\n<div class=\"par_con\">\n<p>Nous sommes en pleine nature, loin des bruits et de la vie de la ville.\u00a0En \u00e9t\u00e9 il y a beaucoup de petits concerts et des f\u00eates dans tous les villages autour. Mais la plupart des f\u00eates dans les Alpujarras sont assez d\u00e9cevantes, mauvaise musique tr\u00e8s forte et beaucoup de bi\u00e8re consomm\u00e9e.\u00a0Donc, si vous recherchez la vie nocturne, les Alpujarras ne sont pas pour vous!<\/p>\n<\/div>\n<div class=\"par_con\">\n<p><strong>29- Peut-on amener les enfants?<\/strong><\/p>\n<\/div>\n<div class=\"par_con\">\n<p>Nous aimons et souhaitons la bienvenue \u00e0 tous les enfants (on peut m\u00eame leur apprendre \u00e0 faire leur propre pizza!)<\/p>\n<\/div>\n<div class=\"par_con\">\n<p><strong>30- Peut-on utiliser la piscine?<\/strong><\/p>\n<\/div>\n<div class=\"par_con\">\n<p>Oui, bien s\u00fbr, la piscine est partag\u00e9e entre les trois Cortijos.\u00a0Nous comptons sur votre savoir-vivre pour que la cohabitation se passe bien. Si vous avez des jeunes enfants, merci d\u2019informer les autres clients quand ils vont occuper la piscine, certaines personnes peuvent \u00eatre g\u00ean\u00e9es par leur dynamisme aquatique !<\/p>\n<\/div>\n<div class=\"par_con\">\n<p><strong>31-Quel est le chauffage ?<\/strong><\/p>\n<\/div>\n<div class=\"par_con\">\n<p>Tous les Cortijos ont des inserts.\u00a0Dans Pabito et Walnut merci de garder leurs portes ferm\u00e9es, dans Almond elle peut \u00eatre laiss\u00e9e ouverte et la chemin\u00e9e peut m\u00eame \u00eatre utilis\u00e9e comme barbecue.<\/p>\n<\/div>\n<div class=\"par_con\">\n<p><strong>32- Y a-t-il des banques locales \u00e0 proximit\u00e9?<\/strong><\/p>\n<\/div>\n<div class=\"par_con\">\n<p>Oui dans la plupart des villages, y compris Trevelez, Portugos, Pitres mais pas \u00e0 Busquistar.<\/p>\n<\/div>\n<div class=\"par_con\">\n<p><strong>33- Acceptez-vous les chiens ?<\/strong><\/p>\n<\/div>\n<div class=\"par_con\">\n<p>Nous pr\u00e9f\u00e9rons ne pas accueillir de chiens, surtout \u00e0 l&rsquo;int\u00e9rieur des Cortijos.<\/p>\n<\/div>\n<div class=\"par_con\">\n<p><strong>34- L\u2019eau est-elle potable ?<\/strong><\/p>\n<\/div>\n<div class=\"par_con\">\n<p>L&rsquo;eau courante provient de 4km dans la montagne, et parvient au Cortijos par des tuyaux. Il peut donc \u00eatre dangereux de la boire sans l\u2019avoir fait bouillir.\u00a0Cependant, nous avons notre propre r\u00e9serve d\u2019eau potable.\u00a0Vous trouverez un robinet \u00e0 c\u00f4t\u00e9 de Almond, pr\u00e8s des bananiers, et un autre \u00e0 cot\u00e9 du barbecue de Walnut. Si vous s\u00e9journez dans Pablito nous vous sugg\u00e9rons \u00a0d\u2019utiliser le robinet de Almond.\u00a0Mais s\u2019il arrivait que notre source soit tarie, il vous faudra remplir des bouteilles dans les fontaines des villages environnants.<\/p>\n<\/div>\n<div class=\"par_con\">\n<p><strong>35- Qui sont nos h\u00f4tes?<\/strong><\/p>\n<\/div>\n<div class=\"par_con\">\n<p>Cortijos Rey Fini (pr\u00e9c\u00e9demment connu sous le Cortijos del Rey) a \u00e9t\u00e9 rachet\u00e9 par Mo Fini et Lucy Davies en 2002.<\/p>\n<\/div>\n<div class=\"par_con\">\n<p>oops!\u00a0Il vous reste des questions ? merci de nous les adresser par la rubrique \u00ab\u00a0contact\u00a0\u00bb<strong>.<\/strong><\/p>\n<\/div>\n","protected":false},"excerpt":{"rendered":"<p>Questions fr\u00e9quentes concernant les Cortijos Rey Fini et les environs : Pour toutes urgence, incendie, ambulance appelez le 112 1- Quelle est la particularit\u00e9 de cette partie de l&rsquo;Espagne? Cette partie de l&rsquo;Espagne est rest\u00e9e intacte, ses villages de montagne ont conserv\u00e9 leurs modes de vie traditionnels tout en ayant le souci d\u2019accueillir les visiteurs &hellip; <a href=\"https:\/\/www.cortijosreyfini.com\/fr\/faq\/\" class=\"more-link\">Continue reading <span class=\"screen-reader-text\">FAQ<\/span><\/a><\/p>\n","protected":false},"author":1,"featured_media":0,"parent":0,"menu_order":0,"comment_status":"closed","ping_status":"closed","template":"","meta":{"om_disable_all_campaigns":false,"_monsterinsights_skip_tracking":false,"_monsterinsights_sitenote_active":false,"_monsterinsights_sitenote_note":"","_monsterinsights_sitenote_category":0},"acf":[],"aioseo_notices":[],"_links":{"self":[{"href":"https:\/\/www.cortijosreyfini.com\/fr\/wp-json\/wp\/v2\/pages\/585"}],"collection":[{"href":"https:\/\/www.cortijosreyfini.com\/fr\/wp-json\/wp\/v2\/pages"}],"about":[{"href":"https:\/\/www.cortijosreyfini.com\/fr\/wp-json\/wp\/v2\/types\/page"}],"author":[{"embeddable":true,"href":"https:\/\/www.cortijosreyfini.com\/fr\/wp-json\/wp\/v2\/users\/1"}],"replies":[{"embeddable":true,"href":"https:\/\/www.cortijosreyfini.com\/fr\/wp-json\/wp\/v2\/comments?post=585"}],"version-history":[{"count":1,"href":"https:\/\/www.cortijosreyfini.com\/fr\/wp-json\/wp\/v2\/pages\/585\/revisions"}],"predecessor-version":[{"id":586,"href":"https:\/\/www.cortijosreyfini.com\/fr\/wp-json\/wp\/v2\/pages\/585\/revisions\/586"}],"wp:attachment":[{"href":"https:\/\/www.cortijosreyfini.com\/fr\/wp-json\/wp\/v2\/media?parent=585"}],"curies":[{"name":"wp","href":"https:\/\/api.w.org\/{rel}","templated":true}]}}