{"id":1147,"date":"2016-04-25T09:47:13","date_gmt":"2016-04-25T09:47:13","guid":{"rendered":"http:\/\/wegetcreative.co.uk\/crf\/?page_id=1147&#038;lang=fr"},"modified":"2016-04-25T09:47:13","modified_gmt":"2016-04-25T09:47:13","slug":"de-trevelez-a-siete-lagunas-et-mulhacen","status":"publish","type":"page","link":"https:\/\/www.cortijosreyfini.com\/fr\/things-to-do\/activities\/walks-and-hikes\/de-trevelez-a-siete-lagunas-et-mulhacen\/","title":{"rendered":"De Trevelez \u00e0 Siete Lagunas et Mulhacen"},"content":{"rendered":"<div class=\"par_con\">\n<p><strong>De Trevelez (1476m) \u00e0 Siete Lagunas (2891m) et Mulhacen (3,479m)<\/strong><br \/>\n<strong>Un ou deux jours de randonn\u00e9e<\/strong><\/p>\n<\/div>\n<div class=\"par_con\">\n<figure id=\"attachment_508\" aria-describedby=\"caption-attachment-508\" style=\"width: 437px\" class=\"wp-caption alignnone\"><img loading=\"lazy\" class=\"size-medium wp-image-508\" src=\"http:\/\/www.cortijosreyfini.com\/wp-content\/uploads\/2016\/04\/4-Towards-sierte-lagunas-437x437.jpg\" alt=\"Towards sierte lagunas\" width=\"437\" height=\"437\" srcset=\"https:\/\/www.cortijosreyfini.com\/wp-content\/uploads\/2016\/04\/4-Towards-sierte-lagunas-437x437.jpg 437w, https:\/\/www.cortijosreyfini.com\/wp-content\/uploads\/2016\/04\/4-Towards-sierte-lagunas-150x150.jpg 150w\" sizes=\"( max-width: 768px ) 100vw, ( min-width: 768px ) and ( max-width: 992px ) 50vw, 437px\" \/><figcaption id=\"caption-attachment-508\" class=\"wp-caption-text\">Towards sierte lagunas<\/figcaption><\/figure>\n<div class=\"par_con\">\n<p>C\u2019est l&rsquo;une des randonn\u00e9es les plus spectaculaires de la r\u00e9gion avec une longue mont\u00e9e qui vous emm\u00e8ne \u00e0 un cirque sublime (2900m), sous le plus haut sommet d\u2019Espagne : Mulhacen (3,479m).\u00a0Nous vous recommandons de partir tr\u00e8s t\u00f4t le matin.\u00a0A titre indicatif, il nous a fallu six heures aller et deux heures retour.<\/p>\n<\/div>\n<div class=\"par_con\">\n<p>Tout d&rsquo;abord roulez jusqu\u2019\u00e0 Trevelez et garez votre voiture.\u00a0(Si possible dans la partie sup\u00e9rieure car c\u2019est ici que vous d\u00e9marrerez la randonn\u00e9e.)<\/p>\n<\/div>\n<div class=\"par_con\">\n<p>Prenez le chemin \u00e0 gauche des lavoirs indiqu\u00e9 <em>Siete Lagunas.<\/em>\u00a0Passez plusieurs fermes et chalets jusqu&rsquo;\u00e0 la\u00a0<em>Acequia Gorda<\/em>\u00a0(1h 15).<\/p>\n<\/div>\n<div class=\"par_con\">\n<p>Suivez la\u00a0<em>Acequia<\/em>\u00a0jusqu&rsquo;\u00e0 un sentier mal balis\u00e9, qui monte \u00e0 <em>Acequia del Mingo, Los Posteros<\/em>\u00a0(1 h).\u00a0Suivez-le, traversez <em>la campi\u00f1uela,<\/em>\u00a0jusqu&rsquo;\u00e0 la digue de <em>El Vertedero<\/em><em>.<\/em><\/p>\n<\/div>\n<div class=\"par_con\">\n<p>Contournez la zone inf\u00e9rieure de la cl\u00f4ture pour traverser la rivi\u00e8re et montez jusqu&rsquo;en dessous de la\u00a0<em>Chorreras Negras,<\/em>\u00a0(attention \u00e0 la cascade sur le chemin).<\/p>\n<\/div>\n<div class=\"par_con\">\n<p>Montez \u00e0 droite de la cascade jusqu\u2019\u00e0\u00a0<em>Laguna Hondera<\/em>\u00a0(45min).<\/p>\n<\/div>\n<div class=\"par_con\">\n<p>A proximit\u00e9, vous trouverez le <em>Refugio Natural de 7 Lagunas<\/em><em> s.<\/em><\/p>\n<\/div>\n<div class=\"par_con\">\n<p>Les ruisseaux reliant les sept lacs proviennent de <em>Laguna Altera,<\/em>\u00a0le plus haut lac de\u00a0<em>La Canada.<\/em><\/p>\n<\/div>\n<\/div>\n<div class=\"par_con\">\n<figure id=\"attachment_507\" aria-describedby=\"caption-attachment-507\" style=\"width: 437px\" class=\"wp-caption alignnone\"><img loading=\"lazy\" class=\"size-medium wp-image-507\" src=\"http:\/\/www.cortijosreyfini.com\/wp-content\/uploads\/2016\/04\/3-Camping-at-siete-lagunas-437x437.jpg\" alt=\"Camping at siete lagunas\" width=\"437\" height=\"437\" srcset=\"https:\/\/www.cortijosreyfini.com\/wp-content\/uploads\/2016\/04\/3-Camping-at-siete-lagunas-437x437.jpg 437w, https:\/\/www.cortijosreyfini.com\/wp-content\/uploads\/2016\/04\/3-Camping-at-siete-lagunas-150x150.jpg 150w\" sizes=\"( max-width: 768px ) 100vw, ( min-width: 768px ) and ( max-width: 992px ) 50vw, 437px\" \/><figcaption id=\"caption-attachment-507\" class=\"wp-caption-text\">Camping at siete lagunas<\/figcaption><\/figure>\n<div class=\"par_con\">\n<p>En allant sur la plus haute coline vous aurez quelques vues impressionnantes sur les faces nord du Mulhacen et l&rsquo;Alcazaba.\u00a0De\u00a0<em>Laguna Hondera<\/em>\u00a0vous pourriez d\u2019ailleurs rejoindre ces sommets.<\/p>\n<\/div>\n<div class=\"par_con\">\n<p><em>Refugio Natural de 7 Lagunas<\/em> est l\u2019endreoit id\u00e9al pour bivouaquer, avant de monter le lendemain sur Mulhacen et de revenir \u00e0 Trevelez.<\/p>\n<\/div>\n<div class=\"par_con\">\n<p>Il peut faire tr\u00e8s froid durant la nuit, m\u00eame en plein \u00e9t\u00e9. Couvrez-vous de v\u00eatements l\u00e9gers mais qui peuvent vous prot\u00e9ger du froid.<\/p>\n<\/div>\n<\/div>\n<div class=\"par_con\">\n<figure id=\"attachment_514\" aria-describedby=\"caption-attachment-514\" style=\"width: 437px\" class=\"wp-caption alignnone\"><img loading=\"lazy\" class=\"size-medium wp-image-514\" src=\"http:\/\/www.cortijosreyfini.com\/wp-content\/uploads\/2016\/04\/10-Leo-Fini-at-Siete-Lagunas-437x437.jpg\" alt=\"Leo Fini at Siete Lagunas\" width=\"437\" height=\"437\" srcset=\"https:\/\/www.cortijosreyfini.com\/wp-content\/uploads\/2016\/04\/10-Leo-Fini-at-Siete-Lagunas-437x437.jpg 437w, https:\/\/www.cortijosreyfini.com\/wp-content\/uploads\/2016\/04\/10-Leo-Fini-at-Siete-Lagunas-150x150.jpg 150w\" sizes=\"( max-width: 768px ) 100vw, ( min-width: 768px ) and ( max-width: 992px ) 50vw, 437px\" \/><figcaption id=\"caption-attachment-514\" class=\"wp-caption-text\">Leo Fini at Siete Lagunas<\/figcaption><\/figure>\n<div class=\"par_con\">\n<p>De <em>7 Lagunas<\/em> vous pouvez rejoindre le Mulhacen et revenir en deux heures.<\/p>\n<\/div>\n<div class=\"par_con\">\n<strong>Vierge des Neiges, le 5 Aout &#8211; P\u00e8lerinage annuel \u00e0 Mulhacen<\/strong><\/p>\n<\/div>\n<\/div>\n<div class=\"par_con\">\n<figure id=\"attachment_515\" aria-describedby=\"caption-attachment-515\" style=\"width: 437px\" class=\"wp-caption alignnone\"><img loading=\"lazy\" class=\"size-medium wp-image-515\" src=\"http:\/\/www.cortijosreyfini.com\/wp-content\/uploads\/2016\/04\/11-Riders-near-peaks-of-Mulhacen-437x437.jpg\" alt=\"Riders near peaks of Mulhacen\" width=\"437\" height=\"437\" srcset=\"https:\/\/www.cortijosreyfini.com\/wp-content\/uploads\/2016\/04\/11-Riders-near-peaks-of-Mulhacen-437x437.jpg 437w, https:\/\/www.cortijosreyfini.com\/wp-content\/uploads\/2016\/04\/11-Riders-near-peaks-of-Mulhacen-150x150.jpg 150w\" sizes=\"( max-width: 768px ) 100vw, ( min-width: 768px ) and ( max-width: 992px ) 50vw, 437px\" \/><figcaption id=\"caption-attachment-515\" class=\"wp-caption-text\">Riders near peaks of Mulhacen<\/figcaption><\/figure>\n<div class=\"par_con\">\n<p>Trev\u00e9lez c\u00e9l\u00e8bre le jour de la\u00a0<em>Virgen de las Nieves<\/em>\u00a0<strong>(Vierge des Neiges<\/strong>\u00a0) le 5 Aout.<\/p>\n<\/div>\n<div class=\"par_con\">\n<p>Le p\u00e8lerinage consiste \u00e0 emmener La Vierge au sommet du Mulhacen. La croyance populaire dit que les p\u00e9lerins seront prot\u00e9g\u00e9s toute l\u2019ann\u00e9e dans la Sierra Nevada.<\/p>\n<\/div>\n<figure id=\"attachment_526\" aria-describedby=\"caption-attachment-526\" style=\"width: 437px\" class=\"wp-caption alignnone\"><img loading=\"lazy\" class=\"size-medium wp-image-526\" src=\"http:\/\/www.cortijosreyfini.com\/wp-content\/uploads\/2016\/04\/23-Peak-of-Mulhacen-437x437.jpg\" alt=\"Peak of Mulhacen\" width=\"437\" height=\"437\" srcset=\"https:\/\/www.cortijosreyfini.com\/wp-content\/uploads\/2016\/04\/23-Peak-of-Mulhacen-437x437.jpg 437w, https:\/\/www.cortijosreyfini.com\/wp-content\/uploads\/2016\/04\/23-Peak-of-Mulhacen-150x150.jpg 150w\" sizes=\"( max-width: 768px ) 100vw, ( min-width: 768px ) and ( max-width: 992px ) 50vw, 437px\" \/><figcaption id=\"caption-attachment-526\" class=\"wp-caption-text\">Peak of Mulhacen<\/figcaption><\/figure>\n<div class=\"par_con\">\n<p>C\u2019est le seul jour o\u00f9 les voitures sont autoris\u00e9es \u00e0 monter \u00e0 partir de Capileira, et elles y vont par centaines.<\/p>\n<\/div>\n<div class=\"par_con\">\n<p>Le 4 Aout les cavaliers accourent sur leurs chevaux et bivouaquent \u00e0 <em>7 <\/em>Lagunas pour rejoindre le sommet le 5<em>. <\/em>\u00a0Bien s\u00fbr, il y r\u00e8gne une ambiance de f\u00eate, le vin et le \u00a0jambon Serano sont \u00e0 l&rsquo;ordre du jour.<\/p>\n<\/div>\n<div class=\"par_con\">\n<p>A mon avis, le fait de monter le 04 et de camper \u00e0 <em>7 Lagunas<\/em><em> \u00a0<\/em>n\u2019est pas une bonne id\u00e9e<em>.<\/em> Les chevaux y sont souvent laiss\u00e9s en libert\u00e9 et leurs cavaliers, avin\u00e9s, ne se rendent pas compte des dommages qu\u2019ils pourraient occasionner aux autres usagers !<\/p>\n<\/div>\n<\/div>\n<div class=\"par_con\">\n<figure id=\"attachment_505\" aria-describedby=\"caption-attachment-505\" style=\"width: 437px\" class=\"wp-caption alignnone\"><img loading=\"lazy\" class=\"size-medium wp-image-505\" src=\"http:\/\/www.cortijosreyfini.com\/wp-content\/uploads\/2016\/04\/1-ceremony-on-the-peaks-Mulhacen-437x437.jpg\" alt=\"Ceremony on the peaks Mulhacen\" width=\"437\" height=\"437\" srcset=\"https:\/\/www.cortijosreyfini.com\/wp-content\/uploads\/2016\/04\/1-ceremony-on-the-peaks-Mulhacen-437x437.jpg 437w, https:\/\/www.cortijosreyfini.com\/wp-content\/uploads\/2016\/04\/1-ceremony-on-the-peaks-Mulhacen-150x150.jpg 150w\" sizes=\"( max-width: 768px ) 100vw, ( min-width: 768px ) and ( max-width: 992px ) 50vw, 437px\" \/><figcaption id=\"caption-attachment-505\" class=\"wp-caption-text\">Ceremony on the peaks Mulhacen<\/figcaption><\/figure>\n<div class=\"par_con\">\n<p>La f\u00eate ressemble \u00e0 toute autre f\u00eate religieuse : procession, feux d\u2019artifices, foule , mais dans des proportions inhabituelles car cette fois-ci cela repr\u00e9sente une exp\u00e9dition de 16 \u00e0 20 heures.<\/p>\n<\/div>\n<div class=\"par_con\">\n<p>Le but est d\u2019emmener la Vierge de l&rsquo;\u00e9glise du village (1550m.), jusqu\u2019au\u00a0 sommet de Mulhacen (3482m), pour une apoth\u00e9ose \u00e0 12h le 5 Ao\u00fbt.<\/p>\n<\/div>\n<div class=\"par_con\">\n<p>La tradition remonte \u00e0 l&rsquo;\u00e9t\u00e9 1813, lorsque Don Pedro of Valor, traversant les montagnes de Grenade \u00e0 son domicile, a \u00e9t\u00e9 pris dans une grosse temp\u00eate, tr\u00e8s frequentes les apr\u00e8s midi d\u2019Ao\u00fbt. Voyant sa fin proche, apr\u00e8s des heures de luttes et d\u00e9sorient\u00e9 par la gr\u00eale, il a pri\u00e9 la Vierge Marie et promit de construire un sanctuaire en son honneur si elle pouvait le sauver.\u00a0Les nuages se sont dissout et la <em>Virgen de las Nieves<\/em>\u00a0a \u00e9tendu ses bras en signe d&rsquo;invitation.\u00a0Le voyageur a \u00e9t\u00e9 sauv\u00e9 et fut fid\u00e8le \u00e0 sa parole.<\/p>\n<\/div>\n<div class=\"par_con\">\n<p>Un ermitage a \u00e9t\u00e9 construit sur la montagne et, en reconnaissance du miracle, une image de <em>la Vierge<\/em>\u00a0a \u00e9t\u00e9 donn\u00e9e par les \u00e9v\u00eaques de Grenade.<\/p>\n<\/div>\n<\/div>\n<div class=\"par_con\">\n<figure id=\"attachment_521\" aria-describedby=\"caption-attachment-521\" style=\"width: 437px\" class=\"wp-caption alignnone\"><img loading=\"lazy\" class=\"size-medium wp-image-521\" src=\"http:\/\/www.cortijosreyfini.com\/wp-content\/uploads\/2016\/04\/17-Pilgrims-at-Mulhacen-437x437.jpg\" alt=\"Pilgrims at Mulhacen\" width=\"437\" height=\"437\" srcset=\"https:\/\/www.cortijosreyfini.com\/wp-content\/uploads\/2016\/04\/17-Pilgrims-at-Mulhacen-437x437.jpg 437w, https:\/\/www.cortijosreyfini.com\/wp-content\/uploads\/2016\/04\/17-Pilgrims-at-Mulhacen-150x150.jpg 150w\" sizes=\"( max-width: 768px ) 100vw, ( min-width: 768px ) and ( max-width: 992px ) 50vw, 437px\" \/><figcaption id=\"caption-attachment-521\" class=\"wp-caption-text\">Pilgrims at Mulhacen<\/figcaption><\/figure>\n<p>Toutefois, en raison des intemp\u00e9ries \u00e0 Mulhacen et de la d\u00e9t\u00e9rioration de la\u00a0<em>\u00ab\u00a0Virgen de las Nieves\u00a0\u00bb<\/em>\u00a0, elle est maintenant conserv\u00e9e dans l&rsquo;\u00e9glise de Trevelez et c\u2019est de l\u00e0 qu\u2019elle est emmen\u00e9e aux sommets de Mulhacen.<\/p>\n<\/div>\n","protected":false},"excerpt":{"rendered":"<p>De Trevelez (1476m) \u00e0 Siete Lagunas (2891m) et Mulhacen (3,479m) Un ou deux jours de randonn\u00e9e C\u2019est l&rsquo;une des randonn\u00e9es les plus spectaculaires de la r\u00e9gion avec une longue mont\u00e9e qui vous emm\u00e8ne \u00e0 un cirque sublime (2900m), sous le plus haut sommet d\u2019Espagne : Mulhacen (3,479m).\u00a0Nous vous recommandons de partir tr\u00e8s t\u00f4t le matin.\u00a0A &hellip; <a href=\"https:\/\/www.cortijosreyfini.com\/fr\/things-to-do\/activities\/walks-and-hikes\/de-trevelez-a-siete-lagunas-et-mulhacen\/\" class=\"more-link\">Continue reading <span class=\"screen-reader-text\">De Trevelez \u00e0 Siete Lagunas et Mulhacen<\/span><\/a><\/p>\n","protected":false},"author":1,"featured_media":0,"parent":1008,"menu_order":0,"comment_status":"closed","ping_status":"closed","template":"","meta":{"om_disable_all_campaigns":false,"_monsterinsights_skip_tracking":false,"_monsterinsights_sitenote_active":false,"_monsterinsights_sitenote_note":"","_monsterinsights_sitenote_category":0},"acf":[],"aioseo_notices":[],"_links":{"self":[{"href":"https:\/\/www.cortijosreyfini.com\/fr\/wp-json\/wp\/v2\/pages\/1147"}],"collection":[{"href":"https:\/\/www.cortijosreyfini.com\/fr\/wp-json\/wp\/v2\/pages"}],"about":[{"href":"https:\/\/www.cortijosreyfini.com\/fr\/wp-json\/wp\/v2\/types\/page"}],"author":[{"embeddable":true,"href":"https:\/\/www.cortijosreyfini.com\/fr\/wp-json\/wp\/v2\/users\/1"}],"replies":[{"embeddable":true,"href":"https:\/\/www.cortijosreyfini.com\/fr\/wp-json\/wp\/v2\/comments?post=1147"}],"version-history":[{"count":1,"href":"https:\/\/www.cortijosreyfini.com\/fr\/wp-json\/wp\/v2\/pages\/1147\/revisions"}],"predecessor-version":[{"id":1148,"href":"https:\/\/www.cortijosreyfini.com\/fr\/wp-json\/wp\/v2\/pages\/1147\/revisions\/1148"}],"up":[{"embeddable":true,"href":"https:\/\/www.cortijosreyfini.com\/fr\/wp-json\/wp\/v2\/pages\/1008"}],"wp:attachment":[{"href":"https:\/\/www.cortijosreyfini.com\/fr\/wp-json\/wp\/v2\/media?parent=1147"}],"curies":[{"name":"wp","href":"https:\/\/api.w.org\/{rel}","templated":true}]}}