{"id":1109,"date":"2016-04-25T09:23:40","date_gmt":"2016-04-25T09:23:40","guid":{"rendered":"http:\/\/wegetcreative.co.uk\/crf\/?page_id=1109&#038;lang=fr"},"modified":"2016-04-25T09:23:40","modified_gmt":"2016-04-25T09:23:40","slug":"le-centre-bouddhiste-o-sel-ling","status":"publish","type":"page","link":"https:\/\/www.cortijosreyfini.com\/fr\/things-to-do\/activities\/walks-and-hikes\/le-centre-bouddhiste-o-sel-ling\/","title":{"rendered":"Le centre bouddhiste O Sel Ling"},"content":{"rendered":"<div class=\"par_con\">\n<figure id=\"attachment_496\" aria-describedby=\"caption-attachment-496\" style=\"width: 437px\" class=\"wp-caption alignnone\"><img loading=\"lazy\" class=\"size-medium wp-image-496\" src=\"http:\/\/www.cortijosreyfini.com\/wp-content\/uploads\/2016\/04\/5-Welcome-to-the-centre-437x437.jpg\" alt=\"Welcome to the centre\" width=\"437\" height=\"201\" \/><figcaption id=\"caption-attachment-496\" class=\"wp-caption-text\">Welcome to the centre<\/figcaption><\/figure>\n<div class=\"par_con\">\n<p>Le centre bouddhiste O Sel Ling, \u00e0 1600m d\u2019altitude, offre une vue imprenable sur la vall\u00e9e de Poqueira et au-del\u00e0.<\/p>\n<\/div>\n<div class=\"par_con\">\n<p>Le centre a \u00e9t\u00e9 baptis\u00e9 par le Dala\u00ef Lama lui-m\u00eame en 1982 et signifie \u00ab\u00a0lieu de la claire lumi\u00e8re\u00a0\u00bb. Il accueille des p\u00e8lerins et visiteurs du monde entier.<\/p>\n<\/div>\n<div class=\"par_con\">\n<p>O Sel Ling est l&rsquo;un des vingt centres d&rsquo;enseignement bouddhiste en Espagne.\u00a030 chambres individuelles sont mises \u00e0 disposition, destin\u00e9es \u00e0 la m\u00e9ditation ou plus simplement au retour au calme.<\/p>\n<\/div>\n<div class=\"par_con\">\n<p><em>\u00ab\u00a0Les personnes y ayant s\u00e9journ\u00e9 ont laiss\u00e9 une atmosph\u00e8re particuli\u00e8re, b\u00e9n\u00e9fique aux visiteurs\u00a0\u00bb<\/em>, se dit-il.<\/p>\n<\/div>\n<\/div>\n<div class=\"par_con\">\n<figure id=\"attachment_492\" aria-describedby=\"caption-attachment-492\" style=\"width: 437px\" class=\"wp-caption alignnone\"><img loading=\"lazy\" class=\"size-medium wp-image-492\" src=\"http:\/\/www.cortijosreyfini.com\/wp-content\/uploads\/2016\/04\/1-The-view-across-the-mouatains-towards-Orgiva-437x437.jpg\" alt=\"The view across the mouatains towards Orgiva\" width=\"437\" height=\"201\" \/><figcaption id=\"caption-attachment-492\" class=\"wp-caption-text\">The view across the mouatains towards Orgiva<\/figcaption><\/figure>\n<div class=\"par_con\">\n<p>Pour y acc\u00e9der, roulez vers Pampaneira.\u00a0Peu apr\u00e8s, vous arriverez \u00e0 <em>Padre Eterno<\/em><em>,<\/em>\u00a0la chapelle et le sanctuaire sur le c\u00f4t\u00e9 gauche de la route.<\/p>\n<\/div>\n<div class=\"par_con\">\n<p>Vous pouvez y garer votre voiture et marcher jusqu&rsquo;au centre en 4 heures aller-retour.<\/p>\n<\/div>\n<div class=\"par_con\">\n<p>Mais vous pouvez aussi y aller en voiture : en face de la chapelle il y a le <em>camino forestal, <\/em>une route en terre. Suivez le panneau \u201cO Sel Ling\u201d sur la droite et vous arriverez au parking du centre.<\/p>\n<\/div>\n<\/div>\n<div class=\"par_con\">\n<figure id=\"attachment_494\" aria-describedby=\"caption-attachment-494\" style=\"width: 437px\" class=\"wp-caption alignnone\"><img loading=\"lazy\" class=\"size-medium wp-image-494\" src=\"http:\/\/www.cortijosreyfini.com\/wp-content\/uploads\/2016\/04\/3-Our-children-Nina-and-Leo-having-a-peaceful-time-437x437.jpg\" alt=\"Our children Nina and Leo having a peaceful time\" width=\"437\" height=\"201\" \/><figcaption id=\"caption-attachment-494\" class=\"wp-caption-text\">Our children Nina and Leo having a peaceful time<\/figcaption><\/figure>\n<div class=\"par_con\">\n<p>Les heures d\u2019ouverture au public sont de 3:30 \u00e018:00. En dehors de ces horaires, les moines m\u00e9ditent ou vaquent \u00e0 leurs occupations. \u00a0Si vous y arrivez apr\u00e8s 18 heures vous pourrez toujours suivre la mont\u00e9e en pente douce jusqu&rsquo;\u00e0 la statue\u00a0<em>Tara, offrant\u00a0<\/em>des vues \u00e0 couper le souffle, une atmosph\u00e8re paisible et un \u00e9tang empli de lys, au sommet.<\/p>\n<\/div>\n<div class=\"par_con\">\n<p>Pour plus d&rsquo;information, visitez notre page de liens<\/p>\n<\/div>\n<\/div>\n","protected":false},"excerpt":{"rendered":"<p>Le centre bouddhiste O Sel Ling, \u00e0 1600m d\u2019altitude, offre une vue imprenable sur la vall\u00e9e de Poqueira et au-del\u00e0. Le centre a \u00e9t\u00e9 baptis\u00e9 par le Dala\u00ef Lama lui-m\u00eame en 1982 et signifie \u00ab\u00a0lieu de la claire lumi\u00e8re\u00a0\u00bb. Il accueille des p\u00e8lerins et visiteurs du monde entier. O Sel Ling est l&rsquo;un des vingt &hellip; <a href=\"https:\/\/www.cortijosreyfini.com\/fr\/things-to-do\/activities\/walks-and-hikes\/le-centre-bouddhiste-o-sel-ling\/\" class=\"more-link\">Continue reading <span class=\"screen-reader-text\">Le centre bouddhiste O Sel Ling<\/span><\/a><\/p>\n","protected":false},"author":1,"featured_media":0,"parent":1008,"menu_order":0,"comment_status":"closed","ping_status":"closed","template":"","meta":{"om_disable_all_campaigns":false,"_monsterinsights_skip_tracking":false,"_monsterinsights_sitenote_active":false,"_monsterinsights_sitenote_note":"","_monsterinsights_sitenote_category":0},"acf":[],"aioseo_notices":[],"_links":{"self":[{"href":"https:\/\/www.cortijosreyfini.com\/fr\/wp-json\/wp\/v2\/pages\/1109"}],"collection":[{"href":"https:\/\/www.cortijosreyfini.com\/fr\/wp-json\/wp\/v2\/pages"}],"about":[{"href":"https:\/\/www.cortijosreyfini.com\/fr\/wp-json\/wp\/v2\/types\/page"}],"author":[{"embeddable":true,"href":"https:\/\/www.cortijosreyfini.com\/fr\/wp-json\/wp\/v2\/users\/1"}],"replies":[{"embeddable":true,"href":"https:\/\/www.cortijosreyfini.com\/fr\/wp-json\/wp\/v2\/comments?post=1109"}],"version-history":[{"count":1,"href":"https:\/\/www.cortijosreyfini.com\/fr\/wp-json\/wp\/v2\/pages\/1109\/revisions"}],"predecessor-version":[{"id":1110,"href":"https:\/\/www.cortijosreyfini.com\/fr\/wp-json\/wp\/v2\/pages\/1109\/revisions\/1110"}],"up":[{"embeddable":true,"href":"https:\/\/www.cortijosreyfini.com\/fr\/wp-json\/wp\/v2\/pages\/1008"}],"wp:attachment":[{"href":"https:\/\/www.cortijosreyfini.com\/fr\/wp-json\/wp\/v2\/media?parent=1109"}],"curies":[{"name":"wp","href":"https:\/\/api.w.org\/{rel}","templated":true}]}}