{"id":1090,"date":"2016-04-25T09:07:53","date_gmt":"2016-04-25T09:07:53","guid":{"rendered":"http:\/\/wegetcreative.co.uk\/crf\/?page_id=1090&#038;lang=fr"},"modified":"2016-04-25T09:07:53","modified_gmt":"2016-04-25T09:07:53","slug":"de-hoya-de-portillo-a-mulhacen-par-la-caldera","status":"publish","type":"page","link":"https:\/\/www.cortijosreyfini.com\/fr\/things-to-do\/activities\/walks-and-hikes\/de-hoya-de-portillo-a-mulhacen-par-la-caldera\/","title":{"rendered":"De Hoya de Portillo \u00e0 Mulhacen par La Caldera"},"content":{"rendered":"<div class=\"par_con\">\n<p><strong>De Portugos \u00e0 Hoya del Portillo et Mulhacen par La Caldera<\/strong><\/p>\n<figure id=\"attachment_462\" aria-describedby=\"caption-attachment-462\" style=\"width: 437px\" class=\"wp-caption alignnone\"><img loading=\"lazy\" class=\"size-medium wp-image-462\" src=\"http:\/\/www.cortijosreyfini.com\/wp-content\/uploads\/2016\/04\/11-The-Caldera-lake-437x437.jpg\" alt=\"The Caldera lake\" width=\"437\" height=\"437\" srcset=\"https:\/\/www.cortijosreyfini.com\/wp-content\/uploads\/2016\/04\/11-The-Caldera-lake-437x437.jpg 437w, https:\/\/www.cortijosreyfini.com\/wp-content\/uploads\/2016\/04\/11-The-Caldera-lake-150x150.jpg 150w\" sizes=\"( max-width: 768px ) 100vw, ( min-width: 768px ) and ( max-width: 992px ) 50vw, 437px\" \/><figcaption id=\"caption-attachment-462\" class=\"wp-caption-text\">The Caldera lake<\/figcaption><\/figure>\n<div class=\"par_con\">\n<p>Des Cortijos, rendez-vous en voiture \u00e0 <em>Portugos -.<\/em>\u00a0Dans le village, rejoignez \u00a0la route poussi\u00e9reuse \u00a0jusqu&rsquo;\u00e0 la <em>route foresti\u00e8re<\/em>\u00a0(environ 20 minutes jusqu\u2019au \u00a0carrefour en T).\u00a0Au carrefour, en prenant \u00e0 droite vous arrivez au-dessus de nos cortijos.\u00a0A gauche en direction\u00a0de la <em>zona recreativa<\/em> vous rejoindrez la route vers le grand canyon, des cascades et Capileira.\u00a0Sur le pont, vous aurez des vues spectaculaires sur le canyon et les chutes d&rsquo;eau.\u00a0Continuez pendant 10 \u00e0 15 minutes jusqu&rsquo;\u00e0 ce que vous atteigniez une route goudronn\u00e9e \u00e0 moiti\u00e9 d\u00e9truite.<\/p>\n<\/div>\n<div class=\"par_con\">\n<p><em>NB : C\u2019est la route de Capileira \u00e0 Mulhacen et avant que l\u2019UNESCO ne l\u2019ait class\u00e9e on pouvait rejoindre les pics de Mulhacen et Grenade.\u00a0Elle est maintenant ferm\u00e9e, sauf le 5 Aout \u00e0 l\u2019occasion d\u2019une f\u00eate chr\u00e9tienne sur le Mulhacen.<\/em><\/p>\n<\/div>\n<figure id=\"attachment_459\" aria-describedby=\"caption-attachment-459\" style=\"width: 437px\" class=\"wp-caption alignnone\"><img loading=\"lazy\" class=\"size-medium wp-image-459\" src=\"http:\/\/www.cortijosreyfini.com\/wp-content\/uploads\/2016\/04\/8-Leo-near-Mulhacen-437x437.jpg\" alt=\"Leo near Mulhacen\" width=\"437\" height=\"437\" srcset=\"https:\/\/www.cortijosreyfini.com\/wp-content\/uploads\/2016\/04\/8-Leo-near-Mulhacen-437x437.jpg 437w, https:\/\/www.cortijosreyfini.com\/wp-content\/uploads\/2016\/04\/8-Leo-near-Mulhacen-150x150.jpg 150w\" sizes=\"( max-width: 768px ) 100vw, ( min-width: 768px ) and ( max-width: 992px ) 50vw, 437px\" \/><figcaption id=\"caption-attachment-459\" class=\"wp-caption-text\">Leo near Mulhacen<\/figcaption><\/figure>\n<div class=\"par_con\">\n<p>Tournez \u00e0 droite et suivez la route jusqu&rsquo;au parking. Vous \u00eates \u00e0 la <em>Hoya del Portillo Recreation Area.<\/em>\u00a0Garez votre voiture et suivez un chemin \u00e9troit indiqu\u00e9\u00a0<em>Refugio Poqueira<\/em>\u00a09 km.\u00a0Ce chemin passe \u00e0 travers une for\u00eat de pins pendant une demi-heure, puis les collines bois\u00e9es c\u00e8dent la place \u00e0 un espace d\u00e9gag\u00e9.\u00a0C\u2019est la vall\u00e9e de Poqueira, une vaste zone de collines et de canyons menant \u00e0 une maison apr\u00e8s 7 km.<\/p>\n<\/div>\n<div class=\"par_con\">\n<p>Apr\u00e8s avoir march\u00e9 pendant environ deux heures vous atteignez une route et un panneau indiquant, \u00e0 gauche, le \u201crefugio\u201d et, tout droit, la\u00a0<em>Laguna Caldera.<\/em><\/p>\n<\/div>\n<div class=\"par_con\">\n<p><em>Refugio Poqueira<\/em>\u00a0propose des h\u00e9bergements pour la nuit.<\/p>\n<\/div>\n<div class=\"par_con\">\n<p>Continuez \u00e0 marcher jusqu&rsquo;\u00e0\u00a0<em>Laguna Caldera<\/em> pendant environ une demi-heure.\u00a0Le lac est presque toujours \u00e0 sec, et \u00e0 proximit\u00e9 vous trouverez un beau refuge : le <em>refugio Vivac (<\/em>3655m).<\/p>\n<\/div>\n<div class=\"par_con\">\n<p>Contrairement au <em>refugio Poqueira, <\/em>celui-ci est gratuit et aucune r\u00e9servation n\u2019est n\u00e9cessaire.\u00a0A l\u2019int\u00e9rieur il y a 2 studios et un\u00a0<em>bar<\/em>\u00a0en bois massif<em>.<\/em><em>\u00a0<\/em><\/p>\n<\/div>\n<figure id=\"attachment_454\" aria-describedby=\"caption-attachment-454\" style=\"width: 437px\" class=\"wp-caption alignnone\"><img loading=\"lazy\" class=\"size-medium wp-image-454\" src=\"http:\/\/www.cortijosreyfini.com\/wp-content\/uploads\/2016\/04\/3-A-stone-refugio-by-the-Caldera-lake-437x437.jpg\" alt=\"A stone refugio by the Caldera lake\" width=\"437\" height=\"437\" srcset=\"https:\/\/www.cortijosreyfini.com\/wp-content\/uploads\/2016\/04\/3-A-stone-refugio-by-the-Caldera-lake-437x437.jpg 437w, https:\/\/www.cortijosreyfini.com\/wp-content\/uploads\/2016\/04\/3-A-stone-refugio-by-the-Caldera-lake-150x150.jpg 150w\" sizes=\"( max-width: 768px ) 100vw, ( min-width: 768px ) and ( max-width: 992px ) 50vw, 437px\" \/><figcaption id=\"caption-attachment-454\" class=\"wp-caption-text\">A stone refugio by the Caldera lake<\/figcaption><\/figure>\n<div class=\"par_con\">\n<p>De l\u00e0, une mont\u00e9e assez raide vous m\u00e8ne au Mulhacen, d\u2019o\u00f9 vous pourrez apercevoir Grenade, le lac Mosca et le 2e plus grand sommet : \u201cVeleta\u201d (3394M) .\u00a0Souvent, vous rencontrerez des ch\u00e8vres sauvages men\u00e9es par un <em>bouc<\/em>\u00a0aux grandes cornes.<\/p>\n<\/div>\n<div class=\"par_con\">\n<p>A partir du \u00a0Mulhacen vous pouvez redescendre vers votre voiture \u00e0 <em>Hoya Del Portillo<\/em> en pente douce.<\/p>\n<\/div>\n<\/div>\n<div class=\"par_con\"><\/div>\n","protected":false},"excerpt":{"rendered":"<p>De Portugos \u00e0 Hoya del Portillo et Mulhacen par La Caldera Des Cortijos, rendez-vous en voiture \u00e0 Portugos -.\u00a0Dans le village, rejoignez \u00a0la route poussi\u00e9reuse \u00a0jusqu&rsquo;\u00e0 la route foresti\u00e8re\u00a0(environ 20 minutes jusqu\u2019au \u00a0carrefour en T).\u00a0Au carrefour, en prenant \u00e0 droite vous arrivez au-dessus de nos cortijos.\u00a0A gauche en direction\u00a0de la zona recreativa vous rejoindrez la &hellip; <a href=\"https:\/\/www.cortijosreyfini.com\/fr\/things-to-do\/activities\/walks-and-hikes\/de-hoya-de-portillo-a-mulhacen-par-la-caldera\/\" class=\"more-link\">Continue reading <span class=\"screen-reader-text\">De Hoya de Portillo \u00e0 Mulhacen par La Caldera<\/span><\/a><\/p>\n","protected":false},"author":1,"featured_media":0,"parent":1008,"menu_order":0,"comment_status":"closed","ping_status":"closed","template":"","meta":{"om_disable_all_campaigns":false,"_monsterinsights_skip_tracking":false,"_monsterinsights_sitenote_active":false,"_monsterinsights_sitenote_note":"","_monsterinsights_sitenote_category":0},"acf":[],"aioseo_notices":[],"_links":{"self":[{"href":"https:\/\/www.cortijosreyfini.com\/fr\/wp-json\/wp\/v2\/pages\/1090"}],"collection":[{"href":"https:\/\/www.cortijosreyfini.com\/fr\/wp-json\/wp\/v2\/pages"}],"about":[{"href":"https:\/\/www.cortijosreyfini.com\/fr\/wp-json\/wp\/v2\/types\/page"}],"author":[{"embeddable":true,"href":"https:\/\/www.cortijosreyfini.com\/fr\/wp-json\/wp\/v2\/users\/1"}],"replies":[{"embeddable":true,"href":"https:\/\/www.cortijosreyfini.com\/fr\/wp-json\/wp\/v2\/comments?post=1090"}],"version-history":[{"count":1,"href":"https:\/\/www.cortijosreyfini.com\/fr\/wp-json\/wp\/v2\/pages\/1090\/revisions"}],"predecessor-version":[{"id":1091,"href":"https:\/\/www.cortijosreyfini.com\/fr\/wp-json\/wp\/v2\/pages\/1090\/revisions\/1091"}],"up":[{"embeddable":true,"href":"https:\/\/www.cortijosreyfini.com\/fr\/wp-json\/wp\/v2\/pages\/1008"}],"wp:attachment":[{"href":"https:\/\/www.cortijosreyfini.com\/fr\/wp-json\/wp\/v2\/media?parent=1090"}],"curies":[{"name":"wp","href":"https:\/\/api.w.org\/{rel}","templated":true}]}}