{"id":1072,"date":"2016-04-25T08:47:25","date_gmt":"2016-04-25T08:47:25","guid":{"rendered":"http:\/\/wegetcreative.co.uk\/crf\/?page_id=1072&#038;lang=fr"},"modified":"2016-04-25T08:47:25","modified_gmt":"2016-04-25T08:47:25","slug":"de-capileira-a-veleta","status":"publish","type":"page","link":"https:\/\/www.cortijosreyfini.com\/fr\/things-to-do\/activities\/walks-and-hikes\/de-capileira-a-veleta\/","title":{"rendered":"De Capileira \u00e0 Veleta"},"content":{"rendered":"<div class=\"par_con\">\n<p><strong>De Capileira (1436m) \u00e0 El Veleta (3394m) via Loma Pua.<\/strong><\/p>\n<figure id=\"attachment_448\" aria-describedby=\"caption-attachment-448\" style=\"width: 437px\" class=\"wp-caption alignnone\"><img loading=\"lazy\" class=\"size-medium wp-image-448\" src=\"http:\/\/www.cortijosreyfini.com\/wp-content\/uploads\/2016\/04\/1-View-of-La-Veleta-3394-m-from-Mulhacen-3482-m-437x437.jpg\" alt=\"View of La Veleta 3394 m from Mulhacen 3482 m\" width=\"437\" height=\"437\" srcset=\"https:\/\/www.cortijosreyfini.com\/wp-content\/uploads\/2016\/04\/1-View-of-La-Veleta-3394-m-from-Mulhacen-3482-m-437x437.jpg 437w, https:\/\/www.cortijosreyfini.com\/wp-content\/uploads\/2016\/04\/1-View-of-La-Veleta-3394-m-from-Mulhacen-3482-m-150x150.jpg 150w\" sizes=\"( max-width: 768px ) 100vw, ( min-width: 768px ) and ( max-width: 992px ) 50vw, 437px\" \/><figcaption id=\"caption-attachment-448\" class=\"wp-caption-text\">View of La Veleta 3394 m from Mulhacen 3482 m<\/figcaption><\/figure>\n<div class=\"par_con\">\n<p>Quittez Capileira en vous dirigeant vers la rivi\u00e8re Poqueira et traversez-la \u00e0 la\u00a0<em>Puente Buchite. <\/em>Prenez le chemin \u00e0\u00a0<em>La Cebadilla<\/em>\u00a0(1 h).<\/p>\n<\/div>\n<div class=\"par_con\">\n<p><em>Cebadilla<\/em>\u00a0peut \u00e9galement \u00eatre atteint en voiture en suivant la route de Capileira vers La Veleta, prenez \u00e0 gauche apr\u00e8s une \u00e9cole d&rsquo;\u00e9quitation<em>.<\/em><\/p>\n<\/div>\n<div class=\"par_con\">\n<p>Une fois pass\u00e9 le\u00a0<em>Central Electrica del Poqueira,<\/em>\u00a0et les tuyaux provenant de la <em>Camara de Carga<\/em>, traversez la rivi\u00e8re au\u00a0<em>pont Naute<\/em>\u00a0et commencez la longue ascension jusqu&rsquo;\u00e0\u00a0<em>Camara de Carga<\/em> (1 h).<\/p>\n<\/div>\n<div class=\"par_con\">\n<p>Continuez \u00e0 monter le long de la cr\u00eate de\u00a0<em>Loma Pua,<\/em>\u00a0et passez le\u00a0<em>Pico del Sabinar<\/em>\u00a0(2995m) (2h30).<\/p>\n<\/div>\n<div class=\"par_con\">\n<p>Gardez les <em>Tajos del Tesoro<\/em>\u00a0sur votre droite et vous atteignez\u00a0<em>La Cariguela,<\/em>\u00a0sans passer au-dessus de la<em>Punta de<\/em>\u00a0<em>la<\/em>\u00a0<em>Loma Pua.<\/em><\/p>\n<\/div>\n<div class=\"par_con\">\n<p>De l\u00e0, suivez la route vers Capileira.\u00a0Apr\u00e8s une heure vous passerez le<em> refugio\u00a0de la Carihuela<\/em>\u00a0\u00e0 droite, puis vous irez jusqu&rsquo;\u00e0 la cr\u00eate pour arriver au sommet du Veleta (30 minutes).<\/p>\n<\/div>\n<\/div>\n<div class=\"par_con\"><\/div>\n","protected":false},"excerpt":{"rendered":"<p>De Capileira (1436m) \u00e0 El Veleta (3394m) via Loma Pua. Quittez Capileira en vous dirigeant vers la rivi\u00e8re Poqueira et traversez-la \u00e0 la\u00a0Puente Buchite. Prenez le chemin \u00e0\u00a0La Cebadilla\u00a0(1 h). Cebadilla\u00a0peut \u00e9galement \u00eatre atteint en voiture en suivant la route de Capileira vers La Veleta, prenez \u00e0 gauche apr\u00e8s une \u00e9cole d&rsquo;\u00e9quitation. Une fois pass\u00e9 &hellip; <a href=\"https:\/\/www.cortijosreyfini.com\/fr\/things-to-do\/activities\/walks-and-hikes\/de-capileira-a-veleta\/\" class=\"more-link\">Continue reading <span class=\"screen-reader-text\">De Capileira \u00e0 Veleta<\/span><\/a><\/p>\n","protected":false},"author":1,"featured_media":0,"parent":1008,"menu_order":0,"comment_status":"closed","ping_status":"closed","template":"","meta":{"om_disable_all_campaigns":false,"_monsterinsights_skip_tracking":false,"_monsterinsights_sitenote_active":false,"_monsterinsights_sitenote_note":"","_monsterinsights_sitenote_category":0},"acf":[],"aioseo_notices":[],"_links":{"self":[{"href":"https:\/\/www.cortijosreyfini.com\/fr\/wp-json\/wp\/v2\/pages\/1072"}],"collection":[{"href":"https:\/\/www.cortijosreyfini.com\/fr\/wp-json\/wp\/v2\/pages"}],"about":[{"href":"https:\/\/www.cortijosreyfini.com\/fr\/wp-json\/wp\/v2\/types\/page"}],"author":[{"embeddable":true,"href":"https:\/\/www.cortijosreyfini.com\/fr\/wp-json\/wp\/v2\/users\/1"}],"replies":[{"embeddable":true,"href":"https:\/\/www.cortijosreyfini.com\/fr\/wp-json\/wp\/v2\/comments?post=1072"}],"version-history":[{"count":1,"href":"https:\/\/www.cortijosreyfini.com\/fr\/wp-json\/wp\/v2\/pages\/1072\/revisions"}],"predecessor-version":[{"id":1073,"href":"https:\/\/www.cortijosreyfini.com\/fr\/wp-json\/wp\/v2\/pages\/1072\/revisions\/1073"}],"up":[{"embeddable":true,"href":"https:\/\/www.cortijosreyfini.com\/fr\/wp-json\/wp\/v2\/pages\/1008"}],"wp:attachment":[{"href":"https:\/\/www.cortijosreyfini.com\/fr\/wp-json\/wp\/v2\/media?parent=1072"}],"curies":[{"name":"wp","href":"https:\/\/api.w.org\/{rel}","templated":true}]}}