{"id":768,"date":"2016-04-14T13:50:08","date_gmt":"2016-04-14T13:50:08","guid":{"rendered":"http:\/\/wegetcreative.co.uk\/crf\/?page_id=768&#038;lang=es"},"modified":"2022-10-31T10:23:19","modified_gmt":"2022-10-31T10:23:19","slug":"alhambra","status":"publish","type":"page","link":"https:\/\/www.cortijosreyfini.com\/es\/things-to-do\/alhambra\/","title":{"rendered":"Alhambra"},"content":{"rendered":"<div class=\"par_con\">\n<figure id=\"attachment_55\" aria-describedby=\"caption-attachment-55\" style=\"width: 798px\" class=\"wp-caption aligncenter\"><img loading=\"lazy\" class=\"size-post-thumbnail wp-image-55\" src=\"http:\/\/www.cortijosreyfini.com\/wp-content\/uploads\/2016\/04\/1-View-of-the-Alhambra-with-mountains-beyond.jpg\" alt=\"View of Alhambra\" width=\"798\" height=\"319\" srcset=\"https:\/\/www.cortijosreyfini.com\/wp-content\/uploads\/2016\/04\/1-View-of-the-Alhambra-with-mountains-beyond.jpg 798w, https:\/\/www.cortijosreyfini.com\/wp-content\/uploads\/2016\/04\/1-View-of-the-Alhambra-with-mountains-beyond-300x120.jpg 300w, https:\/\/www.cortijosreyfini.com\/wp-content\/uploads\/2016\/04\/1-View-of-the-Alhambra-with-mountains-beyond-768x307.jpg 768w\" sizes=\"( max-width: 768px ) 100vw, ( min-width: 768px ) and ( max-width: 992px ) 50vw, 798px\" \/><figcaption id=\"caption-attachment-55\" class=\"wp-caption-text\">View of Alhambra<\/figcaption><\/figure>\n<p>El complejo de la fortaleza\u00a0<strong>de la Alhambra<\/strong>\u00a0se encuentra en\u00a0<a href=\"https:\/\/translate.google.com\/translate?hl=en&amp;prev=_t&amp;sl=auto&amp;tl=es&amp;u=http:\/\/en.wikipedia.org\/wiki\/Granada\">Granada<\/a>\u00a0, Andaluc\u00eda, Espa\u00f1a.\u00a0Fue construido originalmente como una peque\u00f1a fortaleza en el a\u00f1o 889 y luego ignoradas hasta que fueron renovadas y reconstruidas a mediados del siglo XI, de sus ruinas\u00a0<a href=\"https:\/\/translate.google.com\/translate?hl=en&amp;prev=_t&amp;sl=auto&amp;tl=es&amp;u=http:\/\/en.wikipedia.org\/wiki\/Moors\">morisca<\/a>, por el\u00a0rey\u00a0<a href=\"https:\/\/translate.google.com\/translate?hl=en&amp;prev=_t&amp;sl=auto&amp;tl=es&amp;u=http:\/\/en.wikipedia.org\/wiki\/Mohammed_I_ibn_Nasr\">Mohamed ben Al-Ahmar<\/a>\u00a0del Reino de Granada que construy\u00f3 el palacio y paredes actuales.\u00a0M\u00e1s tarde se convirti\u00f3 en un palacio real en 1333 por\u00a0<a href=\"https:\/\/translate.google.com\/translate?hl=en&amp;prev=_t&amp;sl=auto&amp;tl=es&amp;u=http:\/\/en.wikipedia.org\/wiki\/Yusuf_I,_Sultan_of_Granada\">Yusuf I de Granada<\/a>\u00a0.<\/p>\n<figure id=\"attachment_69\" aria-describedby=\"caption-attachment-69\" style=\"width: 199px\" class=\"wp-caption aligncenter\"><img loading=\"lazy\" class=\"size-medium wp-image-69\" src=\"http:\/\/www.cortijosreyfini.com\/wp-content\/uploads\/2016\/04\/15-Court-of-theMyrtles-Alhambra-199x300.jpg\" alt=\"Court of Myrtles\" width=\"199\" height=\"300\" srcset=\"https:\/\/www.cortijosreyfini.com\/wp-content\/uploads\/2016\/04\/15-Court-of-theMyrtles-Alhambra-199x300.jpg 199w, https:\/\/www.cortijosreyfini.com\/wp-content\/uploads\/2016\/04\/15-Court-of-theMyrtles-Alhambra-681x1024.jpg 681w, https:\/\/www.cortijosreyfini.com\/wp-content\/uploads\/2016\/04\/15-Court-of-theMyrtles-Alhambra.jpg 700w\" sizes=\"( max-width: 768px ) 100vw, ( min-width: 768px ) and ( max-width: 992px ) 50vw, 199px\" \/><figcaption id=\"caption-attachment-69\" class=\"wp-caption-text\">Court of Myrtles<\/figcaption><\/figure>\n<div class=\"par_con\">\n<div class=\"par_con\">\n<p>El Palacio isl\u00e1mico del Alhambra fue construido durante los \u00faltimos musulmanes\u00a0<a href=\"https:\/\/translate.google.com\/translate?hl=en&amp;prev=_t&amp;sl=auto&amp;tl=es&amp;u=http:\/\/en.wikipedia.org\/wiki\/Emir\">emires<\/a>\u00a0en Espa\u00f1a y su corte de la\u00a0<a href=\"https:\/\/translate.google.com\/translate?hl=en&amp;prev=_t&amp;sl=auto&amp;tl=es&amp;u=http:\/\/en.wikipedia.org\/wiki\/Nasrid_dynasty\">dinast\u00eda nazar\u00ed<\/a>\u00a0.<\/p>\n<\/div>\n<div class=\"par_con\">\n<p>Despu\u00e9s de la Reconquista por los\u00a0<a href=\"https:\/\/translate.google.com\/translate?hl=en&amp;prev=_t&amp;sl=auto&amp;tl=es&amp;u=http:\/\/en.wikipedia.org\/wiki\/Los_Reyes_Cat%25C3%25B3licos\"><em>Reyes Cat\u00f3licos<\/em><\/a>\u00a0(Reyes Cat\u00f3licos) en 1492, algunas partes fueron utilizadas por los gobernantes cristianos.\u00a0El\u00a0<a href=\"https:\/\/translate.google.com\/translate?hl=en&amp;prev=_t&amp;sl=auto&amp;tl=es&amp;u=http:\/\/en.wikipedia.org\/wiki\/Palace_of_Charles_V\">Palacio de Carlos V<\/a>\u00a0, construido por\u00a0<a href=\"https:\/\/translate.google.com\/translate?hl=en&amp;prev=_t&amp;sl=auto&amp;tl=es&amp;u=http:\/\/en.wikipedia.org\/wiki\/Charles_V,_Holy_Roman_Emperor\">Carlos V, emperador romano santo<\/a>\u00a0en 1527, se instal\u00f3 en la Alhambra dentro de las fortificaciones nazar\u00edes.<\/p>\n<\/div>\n<div class=\"par_con\">\n<p>Despu\u00e9s de dejarlo caer en mal estado durante siglos, la Alhambra fue redescubierta en el siglo 19 por los estudiosos y viajeros europeos, comenzando con las restauraciones.\u00a0Ahora es una de las principales atracciones tur\u00edsticas de Espa\u00f1a, exhibi\u00e9ndose como la m\u00e1s importante y conocida del pa\u00eds\u00a0<a href=\"https:\/\/translate.google.com\/translate?hl=en&amp;prev=_t&amp;sl=auto&amp;tl=es&amp;u=http:\/\/en.wikipedia.org\/wiki\/Islamic_architecture\">Como obra de arquitectura isl\u00e1mica<\/a>\u00a0.<\/p>\n<\/div>\n<div class=\"par_con\">\n<p>Durante el siglo 16 se realizan intervenciones como la creaci\u00f3n de los jard\u00ednes cristianos.\u00a0La Alhambra est\u00e1 considerada\u00a0<a href=\"https:\/\/translate.google.com\/translate?hl=en&amp;prev=_t&amp;sl=auto&amp;tl=es&amp;u=http:\/\/en.wikipedia.org\/wiki\/UNESCO_World_Heritage_Site\">Patrimonio de la Humanidad declarado por la UNESCO<\/a>\u00a0, y es fuente de inspiraci\u00f3n para muchas canciones y cuentos.<\/p>\n<\/div>\n<\/div>\n<figure id=\"attachment_59\" aria-describedby=\"caption-attachment-59\" style=\"width: 840px\" class=\"wp-caption aligncenter\"><img loading=\"lazy\" class=\"size-post-thumbnail wp-image-59\" src=\"http:\/\/www.cortijosreyfini.com\/wp-content\/uploads\/2016\/04\/5-The-court-of-the-lions-Alhambra-Palace.jpg\" alt=\"Court of the Lion\" width=\"840\" height=\"558\" srcset=\"https:\/\/www.cortijosreyfini.com\/wp-content\/uploads\/2016\/04\/5-The-court-of-the-lions-Alhambra-Palace.jpg 1053w, https:\/\/www.cortijosreyfini.com\/wp-content\/uploads\/2016\/04\/5-The-court-of-the-lions-Alhambra-Palace-300x199.jpg 300w, https:\/\/www.cortijosreyfini.com\/wp-content\/uploads\/2016\/04\/5-The-court-of-the-lions-Alhambra-Palace-768x511.jpg 768w, https:\/\/www.cortijosreyfini.com\/wp-content\/uploads\/2016\/04\/5-The-court-of-the-lions-Alhambra-Palace-1024x681.jpg 1024w\" sizes=\"( max-width: 768px ) 100vw, ( min-width: 768px ) and ( max-width: 992px ) 50vw, 840px\" \/><figcaption id=\"caption-attachment-59\" class=\"wp-caption-text\">Court of the Lion<\/figcaption><\/figure>\n<div class=\"par_con\">\n<div class=\"par_con\">\n<p>Poetas \u00e1rabes la describieron como \u00abun conjunto de perlas y esmeraldas\u00bb, en alusi\u00f3n al color de sus edificios y los bosques alrededor de ellos.\u00a0El complejo del palacio fue dise\u00f1ado en un lugar monta\u00f1oso lo cual se tomo en cuenta en su construcci\u00f3n, incorpor\u00e1ndose muchas formas de tecnolog\u00eda.\u00a0El parque\u00a0<em>(Alameda de la Alhambra),<\/em>\u00a0que est\u00e1 cubierto de flores silvestres y pasto en la primavera, fue plantado por los moros con rosas, naranjas y\u00a0<a href=\"https:\/\/translate.google.com\/translate?hl=en&amp;prev=_t&amp;sl=auto&amp;tl=es&amp;u=http:\/\/en.wikipedia.org\/wiki\/Myrtus_communis\">mirtos<\/a>\u00a0.\u00a0Su rasgo m\u00e1s caracter\u00edstico, sin embargo, es el denso bosque de\u00a0<a href=\"https:\/\/translate.google.com\/translate?hl=en&amp;prev=_t&amp;sl=auto&amp;tl=es&amp;u=http:\/\/en.wikipedia.org\/wiki\/English_Elm\">olmos Ingl\u00e9s<\/a>\u00a0tra\u00eddo por el\u00a0<a href=\"https:\/\/translate.google.com\/translate?hl=en&amp;prev=_t&amp;sl=auto&amp;tl=es&amp;u=http:\/\/en.wikipedia.org\/wiki\/Arthur_Wellesley,_1st_Duke_of_Wellington\">Duque de Wellington<\/a>\u00a0en 1812. El parque cuenta con una multitud de\u00a0<a href=\"https:\/\/translate.google.com\/translate?hl=en&amp;prev=_t&amp;sl=auto&amp;tl=es&amp;u=http:\/\/en.wikipedia.org\/wiki\/Nightingale\">ruise\u00f1ores<\/a>\u00a0y por lo general se llena con el sonido del agua de varias fuentes y cascadas.\u00a0Estas son suministradas de agua a trav\u00e9s de un conducto 8 km (5,0 millas) de largo, que est\u00e1 conectado con el r\u00edo\u00a0<a href=\"https:\/\/translate.google.com\/translate?hl=en&amp;prev=_t&amp;sl=auto&amp;tl=es&amp;u=http:\/\/en.wikipedia.org\/wiki\/Darro_(river)\">Darro<\/a>\u00a0en el monasterio de Jes\u00fas del Valle arriba de Granada.<\/p>\n<\/div>\n<div class=\"par_con\">\n<p>A pesar de la negligencia, vandalismo intencional y alguna restauraci\u00f3n mal interpretadas, la Alhambra perdura como un ejemplo at\u00edpico del arte musulm\u00e1n en sus etapas finales europeas, relativamente no influenciada por las\u00a0<a href=\"https:\/\/translate.google.com\/translate?hl=en&amp;prev=_t&amp;sl=auto&amp;tl=es&amp;u=http:\/\/en.wikipedia.org\/wiki\/Byzantine_architecture\">influencias bizantinas<\/a>\u00a0que se encuentran en la\u00a0<a href=\"https:\/\/translate.google.com\/translate?hl=en&amp;prev=_t&amp;sl=auto&amp;tl=es&amp;u=http:\/\/en.wikipedia.org\/wiki\/Cordoba_Cathedral\">Mezquita<\/a>\u00a0de\u00a0<a href=\"https:\/\/translate.google.com\/translate?hl=en&amp;prev=_t&amp;sl=auto&amp;tl=es&amp;u=http:\/\/en.wikipedia.org\/wiki\/C%25C3%25B3rdoba,_Spain\">C\u00f3rdoba<\/a>\u00a0.\u00a0La mayor\u00eda de los edificios del palacio son de forma cuadrangular en el plano, con todas las habitaciones que se abren a un gran patio central;\u00a0 la totalidad actual, alcanz\u00f3 su tama\u00f1o, simplemente por la adici\u00f3n gradual de nuevos cuadr\u00e1ngulos, dise\u00f1ados en el mismo principio, aunque var\u00edan en dimensiones, y conectados entre s\u00ed por habitaciones y pasajes m\u00e1s peque\u00f1os.\u00a0La Alhambra fue ampliada por los diferentes gobernantes musulmanes que vivieron en el complejo.\u00a0Sin embargo, cada nueva secci\u00f3n que se ha a\u00f1adido sigui\u00f3 el tema recurrente de <strong>\u00abpara\u00edso en la tierra\u00bb<\/strong>.\u00a0Soportales de columnas, utilizaron fuentes con agua corriendo y efectos de espejos de agua para a\u00f1adir complejidad est\u00e9tica y funcional.\u00a0En todos los casos, el exterior qued\u00f3 claro y austero.\u00a0Sol y viento fueron bienvenidos libremente.\u00a0Azul, rojo y amarillo dorado, todo un tanto descolorido por el paso del tiempo y la exposici\u00f3n al sol, son los colores empleados principalmente.<\/p>\n<\/div>\n<\/div>\n<\/div>\n<div class=\"par_con\">\n<figure id=\"attachment_71\" aria-describedby=\"caption-attachment-71\" style=\"width: 840px\" class=\"wp-caption aligncenter\"><img loading=\"lazy\" class=\"size-post-thumbnail wp-image-71\" src=\"http:\/\/www.cortijosreyfini.com\/wp-content\/uploads\/2016\/04\/17-Carved-detail-from-Alhambra-palace.jpg\" alt=\"Carved Detailing\" width=\"840\" height=\"558\" srcset=\"https:\/\/www.cortijosreyfini.com\/wp-content\/uploads\/2016\/04\/17-Carved-detail-from-Alhambra-palace.jpg 1053w, https:\/\/www.cortijosreyfini.com\/wp-content\/uploads\/2016\/04\/17-Carved-detail-from-Alhambra-palace-300x199.jpg 300w, https:\/\/www.cortijosreyfini.com\/wp-content\/uploads\/2016\/04\/17-Carved-detail-from-Alhambra-palace-768x511.jpg 768w, https:\/\/www.cortijosreyfini.com\/wp-content\/uploads\/2016\/04\/17-Carved-detail-from-Alhambra-palace-1024x681.jpg 1024w\" sizes=\"( max-width: 768px ) 100vw, ( min-width: 768px ) and ( max-width: 992px ) 50vw, 840px\" \/><figcaption id=\"caption-attachment-71\" class=\"wp-caption-text\">Carved Detailing<\/figcaption><\/figure>\n<div class=\"par_con\">\n<div class=\"par_con\">\n<p>La decoraci\u00f3n consiste, por regla general, de inscripciones en \u00e1rabe que se manipulan en patrones geom\u00e9tricos sagrados labrados en\u00a0<a href=\"https:\/\/translate.google.com\/translate?hl=en&amp;prev=_t&amp;sl=auto&amp;tl=es&amp;u=http:\/\/en.wikipedia.org\/wiki\/Arabesque_(Islamic_art)\">arabescos<\/a>\u00a0.\u00a0Azulejos pintados son muy utilizados como revestimiento para las paredes.\u00a0El complejo del palacio est\u00e1 dise\u00f1ado en el\u00a0estilo <a href=\"https:\/\/translate.google.com\/translate?hl=en&amp;prev=_t&amp;sl=auto&amp;tl=es&amp;u=http:\/\/en.wikipedia.org\/wiki\/Mud%25C3%25A9jar\"><em>mud\u00e9jar<\/em><\/a>, que es caracter\u00edstica de elementos occidentales reinterpretados en formas isl\u00e1micas y ampliamente populares durante la Reconquista de la Pen\u00ednsula Ib\u00e9rica a los musulmanes por los reinos cristianos.<\/p>\n<\/div>\n<div class=\"par_con\">\n<p>Recomendamos encarecidamente una visita a la Alhambra de Granada, pero es muy concurrida durante los meses de verano.\u00a0Vea a continuaci\u00f3n para obtener ayuda en la compra de boletos.\u00a0Si tiene la intenci\u00f3n de ir, le recomendamos que pruebe salir del cortijo a las 7 am, llegando all\u00ed a las 8.30.<\/p>\n<\/div>\n<div class=\"par_con\">\n<p>Para llegar a Granada desde nuestros cortijos, tendr\u00e1 que conducir en direcci\u00f3n a \u00d3rgiva, y antes de llegar a la curva, siga las indicaciones de desv\u00edo hacia Lanjar\u00f3n y luego en direcci\u00f3n a Granada.\u00a0Usted encontrar\u00e1 la Alhambra girando, siguiendo la se\u00f1alizaci\u00f3n que encontrar\u00e1 al llegar a principios de Granada.<\/p>\n<\/div>\n<div class=\"par_con\">\n<p>Hay un mont\u00f3n de plazas de aparcamiento disponibles.\u00a0Para ver todos los lugares, se necesita un m\u00ednimo de tres horas, y luego, si usted tiene la intenci\u00f3n de ver el casco antiguo de Granada, puede dejar su coche en el aparcamiento de la Alhambra y coger el transporte colectivo local a los lugares hist\u00f3ricos de la ciudad o, alternativamente, puede caminar. (para m\u00e1s informaci\u00f3n sobre Granada por favor consulte la secci\u00f3n bajo Granada) Visite tambi\u00e9n nuestra p\u00e1gina de enlaces para obtener m\u00e1s informaci\u00f3n sobre la Alhambra y Granada.<\/p>\n<\/div>\n<div class=\"par_con\">\n<p><strong>C\u00f3mo comprar entradas para la Alhambra, Granada:<\/strong><\/p>\n<\/div>\n<div class=\"par_con\">\n<p>Durante julio y agosto, temporada alta es mejor reservar sus boletos con anticipaci\u00f3n a la Alhambra.\u00a0Usted puede hacer esto en l\u00ednea<\/p>\n<\/div>\n<div class=\"par_con\">\n<p>Los precios son para la reserva anticipada de Ticket Master: <a href=\"https:\/\/tickets.alhambra-patronato.es\/\" target=\"_blank\" rel=\"noopener\">https:\/\/tickets.alhambra-patronato.es\/<\/a><\/p>\n<\/div>\n<div class=\"par_con\">\n<p>O usted puede comprar por tel\u00e9fono con antelaci\u00f3n:<\/p>\n<\/div>\n<div class=\"par_con\">\n<p>Llame +34 934 923 750.<\/p>\n<\/div>\n<div class=\"par_con\">\n<p>Una vez m\u00e1s, recoger sus boletos en las taquillas de la Alhambra (donde dice\u00a0<em>Retirada de Reservas).<\/em>\u00a0Traiga la misma tarjeta de cr\u00e9dito que utiliz\u00f3 para hacer la reserva<\/p>\n<\/div>\n<div class=\"par_con\">\n<p>Tambi\u00e9n puede comprar los billetes all\u00ed, en la puerta (pero no se recomienda durante la temporada alta).<\/p>\n<\/div>\n<div class=\"par_con\">\n<p>Estas entradas son v\u00e1lidas s\u00f3lo para el d\u00eda de la compra del billete.<\/p>\n<\/div>\n<div class=\"par_con\">\n<p>Las entradas se pueden adquirir en las taquillas o en las m\u00e1quinas autom\u00e1ticas situadas en el Pabell\u00f3n de Acceso en la Alhambra.<\/p>\n<\/div>\n<div class=\"par_con\">\n<p>Las entradas se vender\u00e1n de antemano lo que la disponibilidad no est\u00e1 garantizada.<\/p>\n<\/div>\n<div class=\"par_con\">\n<p>En temporada alta, fines de semana, etc, le recomendamos que llegan temprano a las taquillas, debido a posibles colas largas.<\/p>\n<\/div>\n<div class=\"par_con\">\n<p>No se puede cambiar la fecha o la hora de la visita una vez que haya comprado un billete.<\/p>\n<\/div>\n<div class=\"par_con\">\n<p>M\u00e9todo de pago:<\/p>\n<\/div>\n<div class=\"par_con\">\n<p>S\u00f3lo efectivo en la taquilla<\/p>\n<\/div>\n<div class=\"par_con\">\n<p>Tarjeta de cr\u00e9dito s\u00f3lo en las m\u00e1quinas autom\u00e1ticas (En este caso se a\u00f1adir\u00e1 una comisi\u00f3n de gesti\u00f3n al precio del billete)<\/p>\n<\/div>\n<div class=\"par_con\">\n<p>Para m\u00e1s informaci\u00f3n consulte nuestro blog en el sitio web cortijosreyfini.<\/p>\n<\/div>\n<div class=\"par_con\">\n<p>Gu\u00eda de precios:<\/p>\n<\/div>\n<div class=\"par_con\">\n<p>Visita general diurna, (incluyendo la Alcazaba, los Palacios Nazar\u00edes y el Generalife:<\/p>\n<\/div>\n<div class=\"par_con\">\n<p>\u20ac 15.40 (entrada est\u00e1ndar), \u20ac 10.40 para los ciudadanos de la UE mayores (65+) y estudiantes, \u20ac 9,40 para los visitantes con discapacidad y los ni\u00f1os de 12-15 a\u00f1os y de entrada gratuita para los ni\u00f1os menores de 12 a\u00f1os.<\/p>\n<\/div>\n<div class=\"par_con\">\n<p>Visita nocturna a los Palacios: \u20ac 9,30 (entrada general), entrada gratuita para los ni\u00f1os menores de 12 a\u00f1os.<\/p>\n<\/div>\n<div class=\"par_con\">\n<p>Horario de apertura:<\/p>\n<\/div>\n<div class=\"par_con\">\n<p>Octubre 15 a marzo 14 (la entrada est\u00e1 restringida a 6.300 personas por d\u00eda).<\/p>\n<\/div>\n<div class=\"par_con\">\n<p>De lunes a domingos: Abierto de 8.30.\u00a0a 18:00.\u00a0 Visitas nocturnas son los viernes y s\u00e1bados 20:00.\u00a0a 21:30.\u00a0 (Esta visita s\u00f3lo incluye los Palacios Nazar\u00edes).\u00a0 Cerrado: 25 de diciembre y 1 de enero<\/p>\n<\/div>\n<div class=\"par_con\">\n<p>15 marzo-14 octubre (la entrada est\u00e1 restringida a 7.700 personas por d\u00eda).\u00a0 De lunes a domingos: Abierto de 08:30 am.\u00a0a 20:00.\u00a0 Visitas nocturnas son de martes a s\u00e1bados de 22:00.\u00a0a 11:30 pm. (s\u00f3lo Esta visita incluye los Palacios Nazar\u00edes).<\/p>\n<\/div>\n<div class=\"par_con\">\n<p>La hora de su acceso a los Palacios Nazar\u00edes est\u00e1 impreso en las entradas.\u00a0Usted no tiene acceso a los palacios en otro momento y los boletos no ser\u00e1n reembolsados.<\/p>\n<\/div>\n<div class=\"par_con\">\n<p>Nota especial: Durante los meses de julio y agosto evitar comenzar la gira de la Alhambra despu\u00e9s de las 10 horas.\u00a0 Puede llegar a ser extremadamente caliente por lo que es especialmente dif\u00edcil si vas con ni\u00f1os peque\u00f1os.<\/p>\n<\/div>\n<\/div>\n<\/div>\n","protected":false},"excerpt":{"rendered":"<p>El complejo de la fortaleza\u00a0de la Alhambra\u00a0se encuentra en\u00a0Granada\u00a0, Andaluc\u00eda, Espa\u00f1a.\u00a0Fue construido originalmente como una peque\u00f1a fortaleza en el a\u00f1o 889 y luego ignoradas hasta que fueron renovadas y reconstruidas a mediados del siglo XI, de sus ruinas\u00a0morisca, por el\u00a0rey\u00a0Mohamed ben Al-Ahmar\u00a0del Reino de Granada que construy\u00f3 el palacio y paredes actuales.\u00a0M\u00e1s tarde se convirti\u00f3 &hellip; <a href=\"https:\/\/www.cortijosreyfini.com\/es\/things-to-do\/alhambra\/\" class=\"more-link\">Continue reading <span class=\"screen-reader-text\">Alhambra<\/span><\/a><\/p>\n","protected":false},"author":1,"featured_media":0,"parent":617,"menu_order":0,"comment_status":"closed","ping_status":"closed","template":"","meta":{"om_disable_all_campaigns":false,"_monsterinsights_skip_tracking":false,"_monsterinsights_sitenote_active":false,"_monsterinsights_sitenote_note":"","_monsterinsights_sitenote_category":0},"acf":[],"aioseo_notices":[],"_links":{"self":[{"href":"https:\/\/www.cortijosreyfini.com\/es\/wp-json\/wp\/v2\/pages\/768"}],"collection":[{"href":"https:\/\/www.cortijosreyfini.com\/es\/wp-json\/wp\/v2\/pages"}],"about":[{"href":"https:\/\/www.cortijosreyfini.com\/es\/wp-json\/wp\/v2\/types\/page"}],"author":[{"embeddable":true,"href":"https:\/\/www.cortijosreyfini.com\/es\/wp-json\/wp\/v2\/users\/1"}],"replies":[{"embeddable":true,"href":"https:\/\/www.cortijosreyfini.com\/es\/wp-json\/wp\/v2\/comments?post=768"}],"version-history":[{"count":2,"href":"https:\/\/www.cortijosreyfini.com\/es\/wp-json\/wp\/v2\/pages\/768\/revisions"}],"predecessor-version":[{"id":1840,"href":"https:\/\/www.cortijosreyfini.com\/es\/wp-json\/wp\/v2\/pages\/768\/revisions\/1840"}],"up":[{"embeddable":true,"href":"https:\/\/www.cortijosreyfini.com\/es\/wp-json\/wp\/v2\/pages\/617"}],"wp:attachment":[{"href":"https:\/\/www.cortijosreyfini.com\/es\/wp-json\/wp\/v2\/media?parent=768"}],"curies":[{"name":"wp","href":"https:\/\/api.w.org\/{rel}","templated":true}]}}