{"id":760,"date":"2016-04-14T13:42:35","date_gmt":"2016-04-14T13:42:35","guid":{"rendered":"http:\/\/wegetcreative.co.uk\/crf\/?page_id=760&#038;lang=es"},"modified":"2016-04-14T13:42:35","modified_gmt":"2016-04-14T13:42:35","slug":"la-alpujarra","status":"publish","type":"page","link":"https:\/\/www.cortijosreyfini.com\/es\/things-to-do\/la-alpujarra\/","title":{"rendered":"La Alpujarra"},"content":{"rendered":"<figure id=\"attachment_408\" aria-describedby=\"caption-attachment-408\" style=\"width: 840px\" class=\"wp-caption aligncenter\"><img loading=\"lazy\" class=\"size-post-thumbnail wp-image-408\" src=\"http:\/\/www.cortijosreyfini.com\/wp-content\/uploads\/2016\/04\/8-The-view-from-above-cortijos.jpg.jpg\" alt=\"The view from above cortijos\" width=\"840\" height=\"558\" srcset=\"https:\/\/www.cortijosreyfini.com\/wp-content\/uploads\/2016\/04\/8-The-view-from-above-cortijos.jpg.jpg 1053w, https:\/\/www.cortijosreyfini.com\/wp-content\/uploads\/2016\/04\/8-The-view-from-above-cortijos.jpg-300x199.jpg 300w, https:\/\/www.cortijosreyfini.com\/wp-content\/uploads\/2016\/04\/8-The-view-from-above-cortijos.jpg-768x511.jpg 768w, https:\/\/www.cortijosreyfini.com\/wp-content\/uploads\/2016\/04\/8-The-view-from-above-cortijos.jpg-1024x681.jpg 1024w\" sizes=\"( max-width: 768px ) 100vw, ( min-width: 768px ) and ( max-width: 992px ) 50vw, 840px\" \/><figcaption id=\"caption-attachment-408\" class=\"wp-caption-text\">The view from above cortijos<\/figcaption><\/figure>\n<div class=\"par_con\">\n<div class=\"par_con\">\n<p>La Alpujarra es una cadena de monta\u00f1as y valles de gran belleza natural y diversidad ecol\u00f3gica con un pasado hist\u00f3rico largo, (siendo el m\u00e1s influyente el de la ocupaci\u00f3n por los \u00e1rabes unos 700 a\u00f1os).<\/p>\n<\/div>\n<div class=\"par_con\">\n<p>Dominado por la cordillera de\u00a0<strong>Sierra Nevada,<\/strong>\u00a0con su pico m\u00e1s alto\u00a0el <strong>(Mulhac\u00e9n)<\/strong>\u00a0alcanzando 3,482m sobre el nivel del mar, las Alpujarras se extiende hasta las sierras costeras de la Sierra de Lujar, la Sierra de la Contraviesa, y tocando la Sierra de G\u00e1dor al Este y termina en la costa mediterr\u00e1nea.\u00a0La zona es famosa por la gran variedad de vida silvestre, la flora y la fauna y sobre todo la gran cantidad de mariposas.<\/p>\n<\/div>\n<\/div>\n<div class=\"par_con\">\n<figure id=\"attachment_317\" aria-describedby=\"caption-attachment-317\" style=\"width: 840px\" class=\"wp-caption aligncenter\"><img loading=\"lazy\" class=\"size-post-thumbnail wp-image-317\" src=\"http:\/\/www.cortijosreyfini.com\/wp-content\/uploads\/2016\/04\/6-The-remains-of-a-roman-bridge-below-Busquistar.jpg\" alt=\"Remains of Roman Bridge\" width=\"840\" height=\"563\" srcset=\"https:\/\/www.cortijosreyfini.com\/wp-content\/uploads\/2016\/04\/6-The-remains-of-a-roman-bridge-below-Busquistar.jpg 1014w, https:\/\/www.cortijosreyfini.com\/wp-content\/uploads\/2016\/04\/6-The-remains-of-a-roman-bridge-below-Busquistar-300x201.jpg 300w, https:\/\/www.cortijosreyfini.com\/wp-content\/uploads\/2016\/04\/6-The-remains-of-a-roman-bridge-below-Busquistar-768x515.jpg 768w, https:\/\/www.cortijosreyfini.com\/wp-content\/uploads\/2016\/04\/6-The-remains-of-a-roman-bridge-below-Busquistar-437x293.jpg 437w\" sizes=\"( max-width: 768px ) 100vw, ( min-width: 768px ) and ( max-width: 992px ) 50vw, 840px\" \/><figcaption id=\"caption-attachment-317\" class=\"wp-caption-text\">Remains of Roman Bridge<\/figcaption><\/figure>\n<p>La Alpujarra fue ocupada originalmente por los romanos y m\u00e1s tarde por los moros cuando los cristianos ganaron a los moros de Granada, lo que oblig\u00f3 a huir a la zona.\u00a0A su llegada, se adosaron a los lados del valle y dejaron su impronta en el paisaje.\u00a0La arquitectura del lugar es muy distintiva.\u00a0Los techos son planos y construidos de bloques de material local que luego se cubre con una capa de varios cent\u00edmetros de fragmentos de pizarra.\u00a0Las vigas interiores son tradicionalmente de casta\u00f1a.\u00a0Despu\u00e9s de la expulsi\u00f3n de los moriscos, la zona cay\u00f3 en una gran pobreza.\u00a0No fue hasta la segunda mitad del siglo XX que la suerte de la Alpujarra comenz\u00f3 a revivir.\u00a0La popularidad del exitoso libro de Chris Stewart\u00a0<em>Driving Over Lemons<\/em>\u00a0ha atra\u00eddo a m\u00e1s visitantes a la zona.<\/p>\n<figure id=\"attachment_413\" aria-describedby=\"caption-attachment-413\" style=\"width: 840px\" class=\"wp-caption aligncenter\"><img loading=\"lazy\" class=\"size-post-thumbnail wp-image-413\" src=\"http:\/\/www.cortijosreyfini.com\/wp-content\/uploads\/2016\/04\/13-wild-goat-above-cortijos.jpg.jpg\" alt=\"Wild goat above cortijos\" width=\"840\" height=\"563\" srcset=\"https:\/\/www.cortijosreyfini.com\/wp-content\/uploads\/2016\/04\/13-wild-goat-above-cortijos.jpg.jpg 1014w, https:\/\/www.cortijosreyfini.com\/wp-content\/uploads\/2016\/04\/13-wild-goat-above-cortijos.jpg-300x201.jpg 300w, https:\/\/www.cortijosreyfini.com\/wp-content\/uploads\/2016\/04\/13-wild-goat-above-cortijos.jpg-768x515.jpg 768w, https:\/\/www.cortijosreyfini.com\/wp-content\/uploads\/2016\/04\/13-wild-goat-above-cortijos.jpg-437x293.jpg 437w\" sizes=\"( max-width: 768px ) 100vw, ( min-width: 768px ) and ( max-width: 992px ) 50vw, 840px\" \/><figcaption id=\"caption-attachment-413\" class=\"wp-caption-text\">Wild goat above cortijos<\/figcaption><\/figure>\n<div class=\"par_con\">\n<div class=\"par_con\">\n<p>En la monta\u00f1a el aire es el m\u00e1s limpio en Europa, debido a la altitud, el calor en pleno verano no es tan opresivo como puede ser en la costa.\u00a0La Alpujarra es tambi\u00e9n el hogar del pueblo de Trev\u00e9lez, que en 1476 metros se dice que es el pueblo habitado m\u00e1s alto de Espa\u00f1a y es famoso por su jam\u00f3n serrano (jam\u00f3n curado).<\/p>\n<\/div>\n<div class=\"par_con\">\n<p>Esta zona es tambi\u00e9n un para\u00edso para caminar o practicar senderismo con una gran variedad de senderos que serpentean sus caminos a trav\u00e9s de la Sierra Nevada.\u00a0Durante la noche si se detiene para pernoctar es posible en hacerlo en refugios que jalonan el camino para caminantes.<\/p>\n<\/div>\n<\/div>\n<\/div>\n<div class=\"par_con\">\n<figure id=\"attachment_316\" aria-describedby=\"caption-attachment-316\" style=\"width: 840px\" class=\"wp-caption aligncenter\"><img loading=\"lazy\" class=\"size-post-thumbnail wp-image-316\" src=\"http:\/\/www.cortijosreyfini.com\/wp-content\/uploads\/2016\/04\/5-view-from-top-of-Mulhacen.jpg\" alt=\"View from top of Mulhacen\" width=\"840\" height=\"563\" srcset=\"https:\/\/www.cortijosreyfini.com\/wp-content\/uploads\/2016\/04\/5-view-from-top-of-Mulhacen.jpg 1014w, https:\/\/www.cortijosreyfini.com\/wp-content\/uploads\/2016\/04\/5-view-from-top-of-Mulhacen-300x201.jpg 300w, https:\/\/www.cortijosreyfini.com\/wp-content\/uploads\/2016\/04\/5-view-from-top-of-Mulhacen-768x515.jpg 768w, https:\/\/www.cortijosreyfini.com\/wp-content\/uploads\/2016\/04\/5-view-from-top-of-Mulhacen-437x293.jpg 437w\" sizes=\"( max-width: 768px ) 100vw, ( min-width: 768px ) and ( max-width: 992px ) 50vw, 840px\" \/><figcaption id=\"caption-attachment-316\" class=\"wp-caption-text\">View from top of Mulhacen<\/figcaption><\/figure>\n<\/div>\n<div class=\"par_con\"><\/div>\n<div class=\"par_con\">\n<div class=\"par_con\">\n<p>Este cortijo de la Alpujarra situado en las estribaciones de la Sierra Nevada, Granada ofrece un alojamiento de alquiler muy c\u00f3modo con maravillosas oportunidades para caminar en las monta\u00f1as de la Alpujarra, as\u00ed como el ciclismo de monta\u00f1a, observaci\u00f3n de aves, la pintura y la exploraci\u00f3n de los pueblos tradicionales locales cercanos como Capileira, Bubi\u00f3n y Pampaneira.\u00a0Es el lugar perfecto para relajarse y descansar, pasar tiempo en la piscina, disfrutar de la belleza del entorno natural y probar los vinos locales y cocina en los bares y restaurantes de la zona, especialmente el jam\u00f3n Serrano producido en las cercan\u00edas de Trevelez, as\u00ed como artesan\u00eda regional, quesos de cabras artesano y una impresionante gama de frutas y hortalizas frescas durante los meses de verano.<\/p>\n<\/div>\n<div class=\"par_con\">\n<p>Para aquellos que deseen explorar m\u00e1s a fondo, los cortijos se encuentran cerca de la ciudad hist\u00f3rica de Granada y el mundialmente famoso palacio de la Alhambra y sus jardines, as\u00ed como de la estaci\u00f3n de esqu\u00ed Sierra Nevada.\u00a0Los cortijos est\u00e1n tambi\u00e9n a m\u00e1s de una hora en coche de las playas m\u00e1s hermosas del Mediterr\u00e1neo, por lo que es ideal para un viaje de un d\u00eda a una de las muchas playas cercanas.\u00a0De hecho, ser\u00eda posible esquiar por la ma\u00f1ana y nadar en el mar unas horas m\u00e1s tarde.\u00a0A menudo se dice que s\u00f3lo hay dos lugares en la tierra que se puede esquiar y nadar en las aguas c\u00e1lidas dentro de una hora;\u00a0Sierra Nevada en Espa\u00f1a y Sierra Nevada en California!<\/p>\n<\/div>\n<\/div>\n","protected":false},"excerpt":{"rendered":"<p>La Alpujarra es una cadena de monta\u00f1as y valles de gran belleza natural y diversidad ecol\u00f3gica con un pasado hist\u00f3rico largo, (siendo el m\u00e1s influyente el de la ocupaci\u00f3n por los \u00e1rabes unos 700 a\u00f1os). Dominado por la cordillera de\u00a0Sierra Nevada,\u00a0con su pico m\u00e1s alto\u00a0el (Mulhac\u00e9n)\u00a0alcanzando 3,482m sobre el nivel del mar, las Alpujarras se &hellip; <a href=\"https:\/\/www.cortijosreyfini.com\/es\/things-to-do\/la-alpujarra\/\" class=\"more-link\">Continue reading <span class=\"screen-reader-text\">La Alpujarra<\/span><\/a><\/p>\n","protected":false},"author":1,"featured_media":0,"parent":617,"menu_order":0,"comment_status":"closed","ping_status":"closed","template":"","meta":{"om_disable_all_campaigns":false,"_monsterinsights_skip_tracking":false,"_monsterinsights_sitenote_active":false,"_monsterinsights_sitenote_note":"","_monsterinsights_sitenote_category":0},"acf":[],"aioseo_notices":[],"_links":{"self":[{"href":"https:\/\/www.cortijosreyfini.com\/es\/wp-json\/wp\/v2\/pages\/760"}],"collection":[{"href":"https:\/\/www.cortijosreyfini.com\/es\/wp-json\/wp\/v2\/pages"}],"about":[{"href":"https:\/\/www.cortijosreyfini.com\/es\/wp-json\/wp\/v2\/types\/page"}],"author":[{"embeddable":true,"href":"https:\/\/www.cortijosreyfini.com\/es\/wp-json\/wp\/v2\/users\/1"}],"replies":[{"embeddable":true,"href":"https:\/\/www.cortijosreyfini.com\/es\/wp-json\/wp\/v2\/comments?post=760"}],"version-history":[{"count":1,"href":"https:\/\/www.cortijosreyfini.com\/es\/wp-json\/wp\/v2\/pages\/760\/revisions"}],"predecessor-version":[{"id":761,"href":"https:\/\/www.cortijosreyfini.com\/es\/wp-json\/wp\/v2\/pages\/760\/revisions\/761"}],"up":[{"embeddable":true,"href":"https:\/\/www.cortijosreyfini.com\/es\/wp-json\/wp\/v2\/pages\/617"}],"wp:attachment":[{"href":"https:\/\/www.cortijosreyfini.com\/es\/wp-json\/wp\/v2\/media?parent=760"}],"curies":[{"name":"wp","href":"https:\/\/api.w.org\/{rel}","templated":true}]}}